{"id":18,"date":"2013-05-18T20:17:05","date_gmt":"2013-05-18T20:17:05","guid":{"rendered":"http:\/\/staging.stimmbaender.ch\/?page_id=18"},"modified":"2026-04-03T09:58:29","modified_gmt":"2026-04-03T09:58:29","slug":"konzerte","status":"publish","type":"page","link":"https:\/\/stimmbaender.ch\/home2\/konzerte\/","title":{"rendered":"Konzerte"},"content":{"rendered":"\n<h2 class=\"wp-block-heading\">N\u00e4chste Konzerte<\/h2>\n\n\n\n<p class=\"wp-block-paragraph\">Wir proben noch. <br>Die n\u00e4chsten Konzerte sind f\u00fcr Fr\u00fchling 2027 geplant. <\/p>\n\n\n\n<h2 class=\"wp-block-heading\">Vergangene Konzerte<\/h2>\n\n\n\n<h2 class=\"wp-block-heading\">2025 \/ 2026<\/h2>\n\n\n\n<p class=\"wp-block-paragraph\">\u00abMovie Sounds Vol. 2\u00bb<\/p>\n\n\n\n<p class=\"wp-block-paragraph\"><strong>Samstag, 21. M\u00e4rz 2026<\/strong><br>im <a href=\"https:\/\/gz-zh.ch\/gz-buchegg\/\">GZ Buchegg<\/a> in Z\u00fcrich <br>20:00 Uhr (T\u00fcr\u00f6ffnung, 19:30)<br>Konzert &#8211; Disco &#8211; Bar <br><br>und<br><strong>Sonntag, 22. M\u00e4rz 2026<\/strong><br>im <a href=\"https:\/\/gz-zh.ch\/gz-buchegg\/\">GZ Buchegg<\/a> in Z\u00fcrich <br>17:00 Uhr (T\u00fcr\u00f6ffnung 16:30 Uhr)<br>Konzert &#8211; Bar<br><\/p>\n\n\n\n<figure class=\"wp-block-table\"><table class=\"has-fixed-layout\"><tbody><tr><td><figure class=\"wp-block-image size-large is-resized\"><a href=\"https:\/\/stimmbaender.ch\/home2\/wp-content\/uploads\/2026\/04\/flyer1-scaled.jpg\"><img loading=\"lazy\" decoding=\"async\" width=\"722\" height=\"1024\" src=\"https:\/\/stimmbaender.ch\/home2\/wp-content\/uploads\/2026\/04\/flyer1-722x1024.jpg\" alt=\"\" class=\"wp-image-1093\" style=\"width:439px;height:auto\" srcset=\"https:\/\/stimmbaender.ch\/home2\/wp-content\/uploads\/2026\/04\/flyer1-722x1024.jpg 722w, https:\/\/stimmbaender.ch\/home2\/wp-content\/uploads\/2026\/04\/flyer1-211x300.jpg 211w, https:\/\/stimmbaender.ch\/home2\/wp-content\/uploads\/2026\/04\/flyer1-768x1090.jpg 768w, https:\/\/stimmbaender.ch\/home2\/wp-content\/uploads\/2026\/04\/flyer1-1082x1536.jpg 1082w, https:\/\/stimmbaender.ch\/home2\/wp-content\/uploads\/2026\/04\/flyer1-1443x2048.jpg 1443w, https:\/\/stimmbaender.ch\/home2\/wp-content\/uploads\/2026\/04\/flyer1-scaled.jpg 1804w\" sizes=\"auto, (max-width: 722px) 100vw, 722px\" \/><\/a><\/figure><\/td><td><figure class=\"wp-block-image size-large is-resized\"><a href=\"https:\/\/stimmbaender.ch\/home2\/wp-content\/uploads\/2026\/04\/flyer2-scaled.jpg\"><img loading=\"lazy\" decoding=\"async\" width=\"722\" height=\"1024\" src=\"https:\/\/stimmbaender.ch\/home2\/wp-content\/uploads\/2026\/04\/flyer2-722x1024.jpg\" alt=\"\" class=\"wp-image-1103\" style=\"width:443px;height:auto\" srcset=\"https:\/\/stimmbaender.ch\/home2\/wp-content\/uploads\/2026\/04\/flyer2-722x1024.jpg 722w, https:\/\/stimmbaender.ch\/home2\/wp-content\/uploads\/2026\/04\/flyer2-211x300.jpg 211w, https:\/\/stimmbaender.ch\/home2\/wp-content\/uploads\/2026\/04\/flyer2-768x1090.jpg 768w, https:\/\/stimmbaender.ch\/home2\/wp-content\/uploads\/2026\/04\/flyer2-1082x1536.jpg 1082w, https:\/\/stimmbaender.ch\/home2\/wp-content\/uploads\/2026\/04\/flyer2-1443x2048.jpg 1443w, https:\/\/stimmbaender.ch\/home2\/wp-content\/uploads\/2026\/04\/flyer2-scaled.jpg 1804w\" sizes=\"auto, (max-width: 722px) 100vw, 722px\" \/><\/a><\/figure><\/td><\/tr><\/tbody><\/table><\/figure>\n\n\n\n<h2 class=\"wp-block-heading\">2024 \/ 2025<\/h2>\n\n\n\n<p class=\"wp-block-paragraph\">\u00abMovie sounds\u00bb<\/p>\n\n\n\n<p class=\"wp-block-paragraph\"><strong>Samstag, 22. M\u00e4rz <\/strong>2025<br>im <a href=\"https:\/\/gz-zh.ch\/gz-buchegg\/\">GZ Buchegg<\/a> in Z\u00fcrich <br>20:00 Uhr (T\u00fcr\u00f6ffnung, 19:30)<br>Konzert &#8211; Disco &#8211; Bar <br>Eintritt 25.-<br>und<br><strong>Sonntag, 23. M\u00e4rz <\/strong>2025<br>im <a href=\"https:\/\/gz-zh.ch\/gz-buchegg\/\">GZ Buchegg<\/a> in Z\u00fcrich <br>17:00 Uhr (T\u00fcr\u00f6ffnung 16:30 Uhr)<br>Konzert &#8211; Bar<br>Eintritt 25.-<br><\/p>\n\n\n\n<figure class=\"wp-block-image size-large is-resized\"><a href=\"https:\/\/stimmbaender.ch\/home2\/wp-content\/uploads\/2025\/01\/flyer25-scaled.jpg\"><img loading=\"lazy\" decoding=\"async\" width=\"722\" height=\"1024\" src=\"https:\/\/stimmbaender.ch\/home2\/wp-content\/uploads\/2025\/01\/flyer25-722x1024.jpg\" alt=\"\" class=\"wp-image-1057\" style=\"width:412px;height:auto\" srcset=\"https:\/\/stimmbaender.ch\/home2\/wp-content\/uploads\/2025\/01\/flyer25-722x1024.jpg 722w, https:\/\/stimmbaender.ch\/home2\/wp-content\/uploads\/2025\/01\/flyer25-211x300.jpg 211w, https:\/\/stimmbaender.ch\/home2\/wp-content\/uploads\/2025\/01\/flyer25-768x1090.jpg 768w, https:\/\/stimmbaender.ch\/home2\/wp-content\/uploads\/2025\/01\/flyer25-1083x1536.jpg 1083w, https:\/\/stimmbaender.ch\/home2\/wp-content\/uploads\/2025\/01\/flyer25-1444x2048.jpg 1444w, https:\/\/stimmbaender.ch\/home2\/wp-content\/uploads\/2025\/01\/flyer25-scaled.jpg 1805w\" sizes=\"auto, (max-width: 722px) 100vw, 722px\" \/><\/a><\/figure>\n\n\n\n<p class=\"wp-block-paragraph\"><\/p>\n\n\n\n<h3 class=\"wp-block-heading\">2023 \/2024<\/h3>\n\n\n\n<p class=\"wp-block-paragraph\"> \u00abLight my fire\u00bb <br><br><strong>Samstag 16. M\u00e4rz <\/strong><br><strong>20 Uhr <\/strong><br>im <a href=\"https:\/\/gz-zh.ch\/gz-buchegg\/\">GZ Buchegg<\/a> in Z\u00fcrich <br>(T\u00fcr\u00f6ffnung 19:30, <br>Konzert-Disco-Bar, 25 Franken)<br><\/p>\n\n\n\n<p class=\"wp-block-paragraph\"><strong>Sonntag 17. M\u00e4rz 2024<\/strong><br><strong>17 Uhr <\/strong><br>im <a href=\"https:\/\/gz-zh.ch\/gz-buchegg\/\">GZ Buchegg<\/a> in Z\u00fcrich <br>(T\u00fcr\u00f6ffnung 16:30, <br>Konzert-Bar,  20 Franken)<br><\/p>\n\n\n\n<figure class=\"wp-block-image size-full\"><a href=\"https:\/\/stimmbaender.ch\/home2\/wp-content\/uploads\/2024\/02\/grafik.png\"><img loading=\"lazy\" decoding=\"async\" width=\"396\" height=\"562\" src=\"https:\/\/stimmbaender.ch\/home2\/wp-content\/uploads\/2024\/02\/grafik.png\" alt=\"\" class=\"wp-image-1030\" srcset=\"https:\/\/stimmbaender.ch\/home2\/wp-content\/uploads\/2024\/02\/grafik.png 396w, https:\/\/stimmbaender.ch\/home2\/wp-content\/uploads\/2024\/02\/grafik-211x300.png 211w\" sizes=\"auto, (max-width: 396px) 100vw, 396px\" \/><\/a><\/figure>\n\n\n\n<h3 class=\"wp-block-heading\">2022 \/2023<\/h3>\n\n\n\n<p class=\"wp-block-paragraph\"><\/p>\n\n\n\n<p class=\"wp-block-paragraph\"><strong> Night Time is the Right Time &#8211; <\/strong><br>Jubil\u00e4umskonzert &#8211; 30 Jahre Stimmb\u00e4nder GmbH<\/p>\n\n\n\n<p class=\"wp-block-paragraph\"><strong>Samstag, 11. Februar 2023 &#8211; 20:00 Uhr<\/strong> <br>T\u00fcr\u00f6ffnung ab 19:30 Uhr (Bar)<br><br><a href=\"https:\/\/gz-zh.ch\/gz-buchegg\/\">GZ Buchegg<\/a>, Bucheggstrasse 93, 8057 Z\u00fcrich<\/p>\n\n\n\n<p class=\"wp-block-paragraph\">Konzert, Bar, Disco<br>Eintritt: CHF 25<br><\/p>\n\n\n\n<figure class=\"wp-block-image size-large is-resized\"><a href=\"https:\/\/stimmbaender.ch\/home2\/wp-content\/uploads\/2023\/02\/GmbH-Flyer-11.2.23.jpg\"><img loading=\"lazy\" decoding=\"async\" width=\"1024\" height=\"732\" src=\"https:\/\/stimmbaender.ch\/home2\/wp-content\/uploads\/2023\/02\/GmbH-Flyer-11.2.23-1024x732.jpg\" alt=\"\" class=\"wp-image-1012\" style=\"width:512px;height:366px\" srcset=\"https:\/\/stimmbaender.ch\/home2\/wp-content\/uploads\/2023\/02\/GmbH-Flyer-11.2.23-1024x732.jpg 1024w, https:\/\/stimmbaender.ch\/home2\/wp-content\/uploads\/2023\/02\/GmbH-Flyer-11.2.23-300x214.jpg 300w, https:\/\/stimmbaender.ch\/home2\/wp-content\/uploads\/2023\/02\/GmbH-Flyer-11.2.23-768x549.jpg 768w, https:\/\/stimmbaender.ch\/home2\/wp-content\/uploads\/2023\/02\/GmbH-Flyer-11.2.23-1536x1097.jpg 1536w, https:\/\/stimmbaender.ch\/home2\/wp-content\/uploads\/2023\/02\/GmbH-Flyer-11.2.23.jpg 1772w\" sizes=\"auto, (max-width: 1024px) 100vw, 1024px\" \/><\/a><\/figure>\n\n\n\n<p class=\"wp-block-paragraph\">Night Time is the Right Time, 27.8.22, Karl der Grosse, Z\u00fcrich<\/p>\n\n\n\n<figure class=\"wp-block-image size-full is-resized\"><a href=\"https:\/\/stimmbaender.ch\/home2\/wp-content\/uploads\/2022\/08\/GmbH-2022-Flyer-klein.jpg\"><img loading=\"lazy\" decoding=\"async\" width=\"1024\" height=\"732\" src=\"https:\/\/stimmbaender.ch\/home2\/wp-content\/uploads\/2022\/08\/GmbH-2022-Flyer-klein.jpg\" alt=\"Konzert Flyer\" class=\"wp-image-983\" style=\"width:512px;height:366px\" srcset=\"https:\/\/stimmbaender.ch\/home2\/wp-content\/uploads\/2022\/08\/GmbH-2022-Flyer-klein.jpg 1024w, https:\/\/stimmbaender.ch\/home2\/wp-content\/uploads\/2022\/08\/GmbH-2022-Flyer-klein-300x214.jpg 300w, https:\/\/stimmbaender.ch\/home2\/wp-content\/uploads\/2022\/08\/GmbH-2022-Flyer-klein-768x549.jpg 768w\" sizes=\"auto, (max-width: 1024px) 100vw, 1024px\" \/><\/a><\/figure>\n\n\n\n<h3 class=\"wp-block-heading\">2020 \/ 2021<\/h3>\n\n\n\n<p class=\"wp-block-paragraph\">2020 und 2021 sind wir aufgrund einer weltweit ausgerufenen Pandemie nicht aufgetreten.<\/p>\n\n\n\n<h3 class=\"wp-block-heading\">2019<\/h3>\n\n\n\n<p class=\"wp-block-paragraph\">Von den Launen des Wetters.<\/p>\n\n\n\n<figure class=\"wp-block-image is-resized\"><a href=\"https:\/\/stimmbaender.ch\/home2\/wp-content\/uploads\/2019\/02\/gmbh-flyer-2019.png\"><img loading=\"lazy\" decoding=\"async\" width=\"1024\" height=\"724\" src=\"https:\/\/stimmbaender.ch\/home2\/wp-content\/uploads\/2019\/02\/gmbh-flyer-2019-1024x724.png\" alt=\"\" class=\"wp-image-340\" style=\"width:512px;height:362px\" srcset=\"https:\/\/stimmbaender.ch\/home2\/wp-content\/uploads\/2019\/02\/gmbh-flyer-2019.png 1024w, https:\/\/stimmbaender.ch\/home2\/wp-content\/uploads\/2019\/02\/gmbh-flyer-2019-300x212.png 300w, https:\/\/stimmbaender.ch\/home2\/wp-content\/uploads\/2019\/02\/gmbh-flyer-2019-768x543.png 768w, https:\/\/stimmbaender.ch\/home2\/wp-content\/uploads\/2019\/02\/gmbh-flyer-2019-100x71.png 100w, https:\/\/stimmbaender.ch\/home2\/wp-content\/uploads\/2019\/02\/gmbh-flyer-2019-150x106.png 150w, https:\/\/stimmbaender.ch\/home2\/wp-content\/uploads\/2019\/02\/gmbh-flyer-2019-200x141.png 200w, https:\/\/stimmbaender.ch\/home2\/wp-content\/uploads\/2019\/02\/gmbh-flyer-2019-450x318.png 450w, https:\/\/stimmbaender.ch\/home2\/wp-content\/uploads\/2019\/02\/gmbh-flyer-2019-600x424.png 600w, https:\/\/stimmbaender.ch\/home2\/wp-content\/uploads\/2019\/02\/gmbh-flyer-2019-900x636.png 900w\" sizes=\"auto, (max-width: 1024px) 100vw, 1024px\" \/><\/a><\/figure>\n\n\n\n<p class=\"wp-block-paragraph\">Samstag, 16. M\u00e4rz 2019 &#8211;&nbsp; 20:00 Uhr <br><a href=\"https:\/\/gz-zh.ch\/gz-buchegg\/\">GZ Buchegg<\/a>, Bucheggstrasse 93, 8057 Z\u00fcrich<br>Konzert, Bar, Disco<br>Eintritt CHF 25<\/p>\n\n\n\n<p class=\"wp-block-paragraph\">Sonntag, 17. M\u00e4rz 2019 &#8211; 17:00 Uhr <br><a href=\"https:\/\/gz-zh.ch\/gz-buchegg\/\">GZ Buchegg<\/a>, Bucheggstrasse 93, 8057 Z\u00fcrich<br>Konzert, Bar<br>Eintritt CHF 20<\/p>\n\n\n\n<p class=\"wp-block-paragraph\">Begleitung<\/p>\n\n\n\n<ul class=\"wp-block-list\">\n<li> Luzi Dressler dir<\/li>\n\n\n\n<li>Caspar Fries p acc<\/li>\n\n\n\n<li>Valentin Wieser b<\/li>\n\n\n\n<li>Philipp Zehnder perc<\/li>\n<\/ul>\n","protected":false},"excerpt":{"rendered":"<p>N\u00e4chste Konzerte Wir proben noch. Die n\u00e4chsten Konzerte sind f\u00fcr Fr\u00fchling 2027 geplant. Vergangene Konzerte 2025 \/ 2026 \u00abMovie Sounds Vol. 2\u00bb Samstag, 21. M\u00e4rz 2026im GZ Buchegg in Z\u00fcrich 20:00 Uhr (T\u00fcr\u00f6ffnung, 19:30)Konzert &#8211; Disco &#8211; Bar undSonntag, 22. M\u00e4rz 2026im GZ Buchegg in Z\u00fcrich 17:00 Uhr (T\u00fcr\u00f6ffnung 16:30 Uhr)Konzert &#8211; Bar 2024 \/ [&hellip;]<\/p>\n","protected":false},"author":1,"featured_media":0,"parent":0,"menu_order":0,"comment_status":"closed","ping_status":"closed","template":"","meta":{"footnotes":""},"class_list":["post-18","page","type-page","status-publish","hentry","entry"],"yoast_head":"<!-- This site is optimized with the Yoast SEO plugin v28.1 - https:\/\/yoast.com\/product\/yoast-seo-wordpress\/ -->\n<title>Konzerte - Stimmb\u00e4nder GmbH<\/title>\n<meta name=\"robots\" content=\"index, follow, max-snippet:-1, max-image-preview:large, max-video-preview:-1\" \/>\n<link rel=\"canonical\" href=\"https:\/\/stimmbaender.ch\/home2\/konzerte\/\" \/>\n<meta property=\"og:locale\" content=\"de_DE\" \/>\n<meta property=\"og:type\" content=\"article\" \/>\n<meta property=\"og:title\" content=\"Konzerte - Stimmb\u00e4nder GmbH\" \/>\n<meta property=\"og:description\" content=\"N\u00e4chste Konzerte Wir proben noch. Die n\u00e4chsten Konzerte sind f\u00fcr Fr\u00fchling 2027 geplant. Vergangene Konzerte 2025 \/ 2026 \u00abMovie Sounds Vol. 2\u00bb Samstag, 21. M\u00e4rz 2026im GZ Buchegg in Z\u00fcrich 20:00 Uhr (T\u00fcr\u00f6ffnung, 19:30)Konzert &#8211; Disco &#8211; Bar undSonntag, 22. M\u00e4rz 2026im GZ Buchegg in Z\u00fcrich 17:00 Uhr (T\u00fcr\u00f6ffnung 16:30 Uhr)Konzert &#8211; Bar 2024 \/ [&hellip;]\" \/>\n<meta property=\"og:url\" content=\"https:\/\/stimmbaender.ch\/home2\/konzerte\/\" \/>\n<meta property=\"og:site_name\" content=\"Stimmb\u00e4nder GmbH\" \/>\n<meta property=\"article:modified_time\" content=\"2026-04-03T09:58:29+00:00\" \/>\n<meta property=\"og:image\" content=\"https:\/\/stimmbaender.ch\/home2\/wp-content\/uploads\/2026\/04\/flyer1-scaled.jpg\" \/>\n\t<meta property=\"og:image:width\" content=\"1804\" \/>\n\t<meta property=\"og:image:height\" content=\"2560\" \/>\n\t<meta property=\"og:image:type\" content=\"image\/jpeg\" \/>\n<meta name=\"twitter:card\" content=\"summary_large_image\" \/>\n<meta name=\"twitter:label1\" content=\"Gesch\u00e4tzte Lesezeit\" \/>\n\t<meta name=\"twitter:data1\" content=\"3\u00a0Minuten\" \/>\n<script type=\"application\/ld+json\" class=\"yoast-schema-graph\">{\"@context\":\"https:\\\/\\\/schema.org\",\"@graph\":[{\"@type\":\"WebPage\",\"@id\":\"https:\\\/\\\/stimmbaender.ch\\\/home2\\\/konzerte\\\/\",\"url\":\"https:\\\/\\\/stimmbaender.ch\\\/home2\\\/konzerte\\\/\",\"name\":\"Konzerte - Stimmb\u00e4nder GmbH\",\"isPartOf\":{\"@id\":\"https:\\\/\\\/stimmbaender.ch\\\/home2\\\/#website\"},\"primaryImageOfPage\":{\"@id\":\"https:\\\/\\\/stimmbaender.ch\\\/home2\\\/konzerte\\\/#primaryimage\"},\"image\":{\"@id\":\"https:\\\/\\\/stimmbaender.ch\\\/home2\\\/konzerte\\\/#primaryimage\"},\"thumbnailUrl\":\"https:\\\/\\\/stimmbaender.ch\\\/home2\\\/wp-content\\\/uploads\\\/2026\\\/04\\\/flyer1-722x1024.jpg\",\"datePublished\":\"2013-05-18T20:17:05+00:00\",\"dateModified\":\"2026-04-03T09:58:29+00:00\",\"breadcrumb\":{\"@id\":\"https:\\\/\\\/stimmbaender.ch\\\/home2\\\/konzerte\\\/#breadcrumb\"},\"inLanguage\":\"de\",\"potentialAction\":[{\"@type\":\"ReadAction\",\"target\":[\"https:\\\/\\\/stimmbaender.ch\\\/home2\\\/konzerte\\\/\"]}]},{\"@type\":\"ImageObject\",\"inLanguage\":\"de\",\"@id\":\"https:\\\/\\\/stimmbaender.ch\\\/home2\\\/konzerte\\\/#primaryimage\",\"url\":\"https:\\\/\\\/stimmbaender.ch\\\/home2\\\/wp-content\\\/uploads\\\/2026\\\/04\\\/flyer1-scaled.jpg\",\"contentUrl\":\"https:\\\/\\\/stimmbaender.ch\\\/home2\\\/wp-content\\\/uploads\\\/2026\\\/04\\\/flyer1-scaled.jpg\",\"width\":1804,\"height\":2560},{\"@type\":\"BreadcrumbList\",\"@id\":\"https:\\\/\\\/stimmbaender.ch\\\/home2\\\/konzerte\\\/#breadcrumb\",\"itemListElement\":[{\"@type\":\"ListItem\",\"position\":1,\"name\":\"Home\",\"item\":\"https:\\\/\\\/stimmbaender.ch\\\/home2\\\/\"},{\"@type\":\"ListItem\",\"position\":2,\"name\":\"Konzerte\"}]},{\"@type\":\"WebSite\",\"@id\":\"https:\\\/\\\/stimmbaender.ch\\\/home2\\\/#website\",\"url\":\"https:\\\/\\\/stimmbaender.ch\\\/home2\\\/\",\"name\":\"Stimmb\u00e4nder GmbH\",\"description\":\"Der Chor ohne Noten in Z\u00fcrich\",\"publisher\":{\"@id\":\"https:\\\/\\\/stimmbaender.ch\\\/home2\\\/#organization\"},\"potentialAction\":[{\"@type\":\"SearchAction\",\"target\":{\"@type\":\"EntryPoint\",\"urlTemplate\":\"https:\\\/\\\/stimmbaender.ch\\\/home2\\\/?s={search_term_string}\"},\"query-input\":{\"@type\":\"PropertyValueSpecification\",\"valueRequired\":true,\"valueName\":\"search_term_string\"}}],\"inLanguage\":\"de\"},{\"@type\":\"Organization\",\"@id\":\"https:\\\/\\\/stimmbaender.ch\\\/home2\\\/#organization\",\"name\":\"Stimmb\u00e4nder GmbH\",\"url\":\"https:\\\/\\\/stimmbaender.ch\\\/home2\\\/\",\"logo\":{\"@type\":\"ImageObject\",\"inLanguage\":\"de\",\"@id\":\"https:\\\/\\\/stimmbaender.ch\\\/home2\\\/#\\\/schema\\\/logo\\\/image\\\/\",\"url\":\"https:\\\/\\\/stimmbaender.ch\\\/home2\\\/wp-content\\\/uploads\\\/2019\\\/11\\\/logo-1.png\",\"contentUrl\":\"https:\\\/\\\/stimmbaender.ch\\\/home2\\\/wp-content\\\/uploads\\\/2019\\\/11\\\/logo-1.png\",\"width\":250,\"height\":80,\"caption\":\"Stimmb\u00e4nder GmbH\"},\"image\":{\"@id\":\"https:\\\/\\\/stimmbaender.ch\\\/home2\\\/#\\\/schema\\\/logo\\\/image\\\/\"}}]}<\/script>\n<!-- \/ Yoast SEO plugin. -->","yoast_head_json":{"title":"Konzerte - Stimmb\u00e4nder GmbH","robots":{"index":"index","follow":"follow","max-snippet":"max-snippet:-1","max-image-preview":"max-image-preview:large","max-video-preview":"max-video-preview:-1"},"canonical":"https:\/\/stimmbaender.ch\/home2\/konzerte\/","og_locale":"de_DE","og_type":"article","og_title":"Konzerte - Stimmb\u00e4nder GmbH","og_description":"N\u00e4chste Konzerte Wir proben noch. Die n\u00e4chsten Konzerte sind f\u00fcr Fr\u00fchling 2027 geplant. Vergangene Konzerte 2025 \/ 2026 \u00abMovie Sounds Vol. 2\u00bb Samstag, 21. M\u00e4rz 2026im GZ Buchegg in Z\u00fcrich 20:00 Uhr (T\u00fcr\u00f6ffnung, 19:30)Konzert &#8211; Disco &#8211; Bar undSonntag, 22. M\u00e4rz 2026im GZ Buchegg in Z\u00fcrich 17:00 Uhr (T\u00fcr\u00f6ffnung 16:30 Uhr)Konzert &#8211; Bar 2024 \/ [&hellip;]","og_url":"https:\/\/stimmbaender.ch\/home2\/konzerte\/","og_site_name":"Stimmb\u00e4nder GmbH","article_modified_time":"2026-04-03T09:58:29+00:00","og_image":[{"width":1804,"height":2560,"url":"https:\/\/stimmbaender.ch\/home2\/wp-content\/uploads\/2026\/04\/flyer1-scaled.jpg","type":"image\/jpeg"}],"twitter_card":"summary_large_image","twitter_misc":{"Gesch\u00e4tzte Lesezeit":"3\u00a0Minuten"},"schema":{"@context":"https:\/\/schema.org","@graph":[{"@type":"WebPage","@id":"https:\/\/stimmbaender.ch\/home2\/konzerte\/","url":"https:\/\/stimmbaender.ch\/home2\/konzerte\/","name":"Konzerte - Stimmb\u00e4nder GmbH","isPartOf":{"@id":"https:\/\/stimmbaender.ch\/home2\/#website"},"primaryImageOfPage":{"@id":"https:\/\/stimmbaender.ch\/home2\/konzerte\/#primaryimage"},"image":{"@id":"https:\/\/stimmbaender.ch\/home2\/konzerte\/#primaryimage"},"thumbnailUrl":"https:\/\/stimmbaender.ch\/home2\/wp-content\/uploads\/2026\/04\/flyer1-722x1024.jpg","datePublished":"2013-05-18T20:17:05+00:00","dateModified":"2026-04-03T09:58:29+00:00","breadcrumb":{"@id":"https:\/\/stimmbaender.ch\/home2\/konzerte\/#breadcrumb"},"inLanguage":"de","potentialAction":[{"@type":"ReadAction","target":["https:\/\/stimmbaender.ch\/home2\/konzerte\/"]}]},{"@type":"ImageObject","inLanguage":"de","@id":"https:\/\/stimmbaender.ch\/home2\/konzerte\/#primaryimage","url":"https:\/\/stimmbaender.ch\/home2\/wp-content\/uploads\/2026\/04\/flyer1-scaled.jpg","contentUrl":"https:\/\/stimmbaender.ch\/home2\/wp-content\/uploads\/2026\/04\/flyer1-scaled.jpg","width":1804,"height":2560},{"@type":"BreadcrumbList","@id":"https:\/\/stimmbaender.ch\/home2\/konzerte\/#breadcrumb","itemListElement":[{"@type":"ListItem","position":1,"name":"Home","item":"https:\/\/stimmbaender.ch\/home2\/"},{"@type":"ListItem","position":2,"name":"Konzerte"}]},{"@type":"WebSite","@id":"https:\/\/stimmbaender.ch\/home2\/#website","url":"https:\/\/stimmbaender.ch\/home2\/","name":"Stimmb\u00e4nder GmbH","description":"Der Chor ohne Noten in Z\u00fcrich","publisher":{"@id":"https:\/\/stimmbaender.ch\/home2\/#organization"},"potentialAction":[{"@type":"SearchAction","target":{"@type":"EntryPoint","urlTemplate":"https:\/\/stimmbaender.ch\/home2\/?s={search_term_string}"},"query-input":{"@type":"PropertyValueSpecification","valueRequired":true,"valueName":"search_term_string"}}],"inLanguage":"de"},{"@type":"Organization","@id":"https:\/\/stimmbaender.ch\/home2\/#organization","name":"Stimmb\u00e4nder GmbH","url":"https:\/\/stimmbaender.ch\/home2\/","logo":{"@type":"ImageObject","inLanguage":"de","@id":"https:\/\/stimmbaender.ch\/home2\/#\/schema\/logo\/image\/","url":"https:\/\/stimmbaender.ch\/home2\/wp-content\/uploads\/2019\/11\/logo-1.png","contentUrl":"https:\/\/stimmbaender.ch\/home2\/wp-content\/uploads\/2019\/11\/logo-1.png","width":250,"height":80,"caption":"Stimmb\u00e4nder GmbH"},"image":{"@id":"https:\/\/stimmbaender.ch\/home2\/#\/schema\/logo\/image\/"}}]}},"_links":{"self":[{"href":"https:\/\/stimmbaender.ch\/home2\/wp-json\/wp\/v2\/pages\/18","targetHints":{"allow":["GET"]}}],"collection":[{"href":"https:\/\/stimmbaender.ch\/home2\/wp-json\/wp\/v2\/pages"}],"about":[{"href":"https:\/\/stimmbaender.ch\/home2\/wp-json\/wp\/v2\/types\/page"}],"author":[{"embeddable":true,"href":"https:\/\/stimmbaender.ch\/home2\/wp-json\/wp\/v2\/users\/1"}],"replies":[{"embeddable":true,"href":"https:\/\/stimmbaender.ch\/home2\/wp-json\/wp\/v2\/comments?post=18"}],"version-history":[{"count":104,"href":"https:\/\/stimmbaender.ch\/home2\/wp-json\/wp\/v2\/pages\/18\/revisions"}],"predecessor-version":[{"id":1111,"href":"https:\/\/stimmbaender.ch\/home2\/wp-json\/wp\/v2\/pages\/18\/revisions\/1111"}],"wp:attachment":[{"href":"https:\/\/stimmbaender.ch\/home2\/wp-json\/wp\/v2\/media?parent=18"}],"curies":[{"name":"wp","href":"https:\/\/api.w.org\/{rel}","templated":true}]}}