{"id":20,"date":"2013-05-18T20:16:54","date_gmt":"2013-05-18T20:16:54","guid":{"rendered":"http:\/\/staging.stimmbaender.ch\/?page_id=20"},"modified":"2026-03-13T16:47:03","modified_gmt":"2026-03-13T16:47:03","slug":"chor","status":"publish","type":"page","link":"https:\/\/stimmbaender.ch\/home2\/chor\/","title":{"rendered":"\u00dcber die Stimmb\u00e4nder GmbH"},"content":{"rendered":"\n<h2 class=\"wp-block-heading\">Stimmb\u00e4nder GmbH &#8211; Der <span style=\"color: #000;\">G<\/span>esangsverein <span style=\"color: #000;\">m<\/span>it <span style=\"color: #000;\">b<\/span>esonderer <span style=\"color: #000;\">H<\/span>armonie<\/h2>\n\n\n\n<h3 class=\"wp-block-heading\">Hintergrund zum Chor<\/h3>\n\n\n\n<p class=\"wp-block-paragraph\">Wir lernen unsere Lieder nur nach dem Geh\u00f6r, ohne Noten, und proben daf\u00fcr einmal w\u00f6chentlich zweieinhalb Stunden. Dabei werden wir gelegentlich von Stimmbildnerinnen unterst\u00fctzt. So zum Beispiel von <a href=\"https:\/\/www.nicolemuench.ch\/\">Nicole M\u00fcnch<\/a> (sie hat Stimm-Trainings geleitet und mit uns an den Songs f\u00fcr den Auftritt gefeilt) oder von <a href=\"https:\/\/franziskawigger.ch\/\">Franziska Wigger <\/a>(sie hat uns ins Jodeln eingef\u00fchrt). Vor den Konzerten trifft sich unser Chor zu einem intensiven Probe-Wochenende, das in den letzten Jahren im <a href=\"https:\/\/www.hotelrigi.ch\/\">Hotel Rigi in Weggis<\/a> und fr\u00fcher oft auf der <a href=\"http:\/\/www.musikinsel.ch\/\">Musikinsel Rheinau<\/a> stattfand.<\/p>\n\n\n\n<figure class=\"wp-block-image size-large\"><a href=\"https:\/\/stimmbaender.ch\/home2\/wp-content\/uploads\/2019\/11\/vlcsnap-2019-11-23-20h22m51s867.png\" rel=\"attachment wp-att-206\"><img loading=\"lazy\" decoding=\"async\" width=\"1024\" height=\"576\" src=\"https:\/\/stimmbaender.ch\/home2\/wp-content\/uploads\/2019\/11\/vlcsnap-2019-11-23-20h22m51s867-1024x576.png\" alt=\"\" class=\"wp-image-657\" srcset=\"https:\/\/stimmbaender.ch\/home2\/wp-content\/uploads\/2019\/11\/vlcsnap-2019-11-23-20h22m51s867-1024x576.png 1024w, https:\/\/stimmbaender.ch\/home2\/wp-content\/uploads\/2019\/11\/vlcsnap-2019-11-23-20h22m51s867-300x169.png 300w, https:\/\/stimmbaender.ch\/home2\/wp-content\/uploads\/2019\/11\/vlcsnap-2019-11-23-20h22m51s867-768x432.png 768w, https:\/\/stimmbaender.ch\/home2\/wp-content\/uploads\/2019\/11\/vlcsnap-2019-11-23-20h22m51s867.png 1280w\" sizes=\"auto, (max-width: 1024px) 100vw, 1024px\" \/><\/a><\/figure>\n\n\n\n<div style=\"height:54px\" aria-hidden=\"true\" class=\"wp-block-spacer\"><\/div>\n\n\n\n<h3 class=\"wp-block-heading\">Auftritte \/ Konzerte<\/h3>\n\n\n\n<p class=\"wp-block-paragraph\">J\u00e4hrlich im Fr\u00fchjahr treten wir zwei- bis dreimal vor Publikum auf: Zweimal \u00f6ffentlich im Raum Z\u00fcrich und manchmal auch an speziellen Orten (zum Beispiel hier: <a href=\"https:\/\/justizvollzug.zh.ch\/internet\/justiz_inneres\/juv\/de\/ueber_uns\/organisation\/vez\/gefaengnisse\/gfa.html#a-content\">Bezirksgef\u00e4ngnis Affoltern am Albis<\/a>, <a href=\"https:\/\/www.palme.ch\/\">Stiftung zur Palme<\/a>, <a href=\"https:\/\/www.hofgesang.ch\/\">Hofgesang<\/a>, &#8230;).<br><br>An den Konzerten werden wir von folgenden (Profi-)Musikern begleitet:<\/p>\n\n\n\n<ul class=\"wp-block-list\">\n<li><strong>Caspar Fries<\/strong><br>Akkordeon, Piano   <\/li>\n\n\n\n<li><strong>Philipp Zehnder<\/strong><br>Schlagwerk, Perkussion  <\/li>\n\n\n\n<li><strong>Valentin Wieser<\/strong><br>Bass    <\/li>\n<\/ul>\n\n\n\n<div style=\"height:48px\" aria-hidden=\"true\" class=\"wp-block-spacer\"><\/div>\n\n\n\n<h2 class=\"wp-block-heading\">Unser Chorleiter: Luzi Dressler<\/h2>\n\n\n\n<p class=\"wp-block-paragraph\">Luzi Dressler ist Berufsmusiker seit 1982. Er ist Gr\u00fcnder und Leiter langj\u00e4hriger  Laienensembles in und um Z\u00fcrich, bei denen der Spass am gemeinsamen  Musizieren im Mittelpunkt steht. In den Worten von Salif Keita aus Mali:  <em>\u00abWir Musiker sind die Nadeln, die das soziale Gewebe n\u00e4hen. Unser Faden  ist die Musik.<\/em>\u00bb<\/p>\n\n\n\n<p class=\"wp-block-paragraph\">Mehr \u00fcber Luzi gibt&#8217;s auf seiner <a href=\"http:\/\/www.luzidressler.ch\/\">Homepage <\/a>zu finden.<\/p>\n\n\n\n<div style=\"height:53px\" aria-hidden=\"true\" class=\"wp-block-spacer\"><\/div>\n\n\n\n<h3 class=\"wp-block-heading\" id=\"Probedaten\">Proben<\/h3>\n\n\n\n<p class=\"wp-block-paragraph\">Wir proben jeden <strong>Mittwoch von 19:00-21:30 Uhr<\/strong> im <strong>Singsaal<\/strong> der Schule <strong>Allenmoos<\/strong> (ausser w\u00e4hrend den Schulferien der Stadt Z\u00fcrich):<br><a href=\"https:\/\/www.stadt-zuerich.ch\/schulen\/de\/allenmoos.html\" target=\"_blank\" rel=\"noopener noreferrer\">Schulhaus Allenmoos<\/a><br>Sch\u00fcrbungert 25 (auf <a href=\"https:\/\/goo.gl\/maps\/sBDX9ZpisSv5guRY9\">Google Maps<\/a>)<br>8057 Z\u00fcrich<\/p>\n\n\n\n<p class=\"wp-block-paragraph\">Falls du Lust hast, uns zu verst\u00e4rken, schau unverbindlich bei einer Probe rein.<\/p>\n\n\n\n<p class=\"wp-block-paragraph\"><\/p>\n\n\n\n<figure class=\"wp-block-gallery has-nested-images columns-default is-cropped wp-block-gallery-1 is-layout-flex wp-block-gallery-is-layout-flex\">\n<figure class=\"wp-block-image size-large\"><a href=\"https:\/\/stimmbaender.ch\/home2\/wp-content\/uploads\/2019\/11\/vlcsnap-2019-11-23-20h23m29s135.png\"><img loading=\"lazy\" decoding=\"async\" width=\"1024\" height=\"576\" data-id=\"665\" src=\"https:\/\/stimmbaender.ch\/home2\/wp-content\/uploads\/2019\/11\/vlcsnap-2019-11-23-20h23m29s135-1024x576.png\" alt=\"\" class=\"wp-image-665\" srcset=\"https:\/\/stimmbaender.ch\/home2\/wp-content\/uploads\/2019\/11\/vlcsnap-2019-11-23-20h23m29s135-1024x576.png 1024w, https:\/\/stimmbaender.ch\/home2\/wp-content\/uploads\/2019\/11\/vlcsnap-2019-11-23-20h23m29s135-300x169.png 300w, https:\/\/stimmbaender.ch\/home2\/wp-content\/uploads\/2019\/11\/vlcsnap-2019-11-23-20h23m29s135-768x432.png 768w, https:\/\/stimmbaender.ch\/home2\/wp-content\/uploads\/2019\/11\/vlcsnap-2019-11-23-20h23m29s135.png 1280w\" sizes=\"auto, (max-width: 1024px) 100vw, 1024px\" \/><\/a><\/figure>\n\n\n\n<figure class=\"wp-block-image size-large\"><a href=\"https:\/\/stimmbaender.ch\/home2\/wp-content\/uploads\/2019\/11\/vlcsnap-2019-11-23-20h23m10s253.png\"><img loading=\"lazy\" decoding=\"async\" width=\"1024\" height=\"576\" data-id=\"663\" src=\"https:\/\/stimmbaender.ch\/home2\/wp-content\/uploads\/2019\/11\/vlcsnap-2019-11-23-20h23m10s253-1024x576.png\" alt=\"\" class=\"wp-image-663\" srcset=\"https:\/\/stimmbaender.ch\/home2\/wp-content\/uploads\/2019\/11\/vlcsnap-2019-11-23-20h23m10s253-1024x576.png 1024w, https:\/\/stimmbaender.ch\/home2\/wp-content\/uploads\/2019\/11\/vlcsnap-2019-11-23-20h23m10s253-300x169.png 300w, https:\/\/stimmbaender.ch\/home2\/wp-content\/uploads\/2019\/11\/vlcsnap-2019-11-23-20h23m10s253-768x432.png 768w, https:\/\/stimmbaender.ch\/home2\/wp-content\/uploads\/2019\/11\/vlcsnap-2019-11-23-20h23m10s253.png 1280w\" sizes=\"auto, (max-width: 1024px) 100vw, 1024px\" \/><\/a><\/figure>\n\n\n\n<figure class=\"wp-block-image size-large\"><a href=\"https:\/\/stimmbaender.ch\/home2\/wp-content\/uploads\/2019\/11\/vlcsnap-2019-11-23-20h27m41s793.png\"><img loading=\"lazy\" decoding=\"async\" width=\"1024\" height=\"576\" data-id=\"662\" src=\"https:\/\/stimmbaender.ch\/home2\/wp-content\/uploads\/2019\/11\/vlcsnap-2019-11-23-20h27m41s793-1024x576.png\" alt=\"\" class=\"wp-image-662\" srcset=\"https:\/\/stimmbaender.ch\/home2\/wp-content\/uploads\/2019\/11\/vlcsnap-2019-11-23-20h27m41s793-1024x576.png 1024w, https:\/\/stimmbaender.ch\/home2\/wp-content\/uploads\/2019\/11\/vlcsnap-2019-11-23-20h27m41s793-300x169.png 300w, https:\/\/stimmbaender.ch\/home2\/wp-content\/uploads\/2019\/11\/vlcsnap-2019-11-23-20h27m41s793-768x432.png 768w, https:\/\/stimmbaender.ch\/home2\/wp-content\/uploads\/2019\/11\/vlcsnap-2019-11-23-20h27m41s793.png 1280w\" sizes=\"auto, (max-width: 1024px) 100vw, 1024px\" \/><\/a><\/figure>\n\n\n\n<figure class=\"wp-block-image size-large\"><a href=\"https:\/\/stimmbaender.ch\/home2\/wp-content\/uploads\/2019\/11\/vlcsnap-2019-11-23-20h23m40s611.png\"><img loading=\"lazy\" decoding=\"async\" width=\"1024\" height=\"576\" data-id=\"666\" src=\"https:\/\/stimmbaender.ch\/home2\/wp-content\/uploads\/2019\/11\/vlcsnap-2019-11-23-20h23m40s611-1024x576.png\" alt=\"\" class=\"wp-image-666\" srcset=\"https:\/\/stimmbaender.ch\/home2\/wp-content\/uploads\/2019\/11\/vlcsnap-2019-11-23-20h23m40s611-1024x576.png 1024w, https:\/\/stimmbaender.ch\/home2\/wp-content\/uploads\/2019\/11\/vlcsnap-2019-11-23-20h23m40s611-300x169.png 300w, https:\/\/stimmbaender.ch\/home2\/wp-content\/uploads\/2019\/11\/vlcsnap-2019-11-23-20h23m40s611-768x432.png 768w, https:\/\/stimmbaender.ch\/home2\/wp-content\/uploads\/2019\/11\/vlcsnap-2019-11-23-20h23m40s611.png 1280w\" sizes=\"auto, (max-width: 1024px) 100vw, 1024px\" \/><\/a><\/figure>\n\n\n\n<figure class=\"wp-block-image size-large\"><a href=\"https:\/\/stimmbaender.ch\/home2\/wp-content\/uploads\/2019\/11\/vlcsnap-2019-11-23-20h23m23s656.png\"><img loading=\"lazy\" decoding=\"async\" width=\"1024\" height=\"576\" data-id=\"664\" src=\"https:\/\/stimmbaender.ch\/home2\/wp-content\/uploads\/2019\/11\/vlcsnap-2019-11-23-20h23m23s656-1024x576.png\" alt=\"\" class=\"wp-image-664\" srcset=\"https:\/\/stimmbaender.ch\/home2\/wp-content\/uploads\/2019\/11\/vlcsnap-2019-11-23-20h23m23s656-1024x576.png 1024w, https:\/\/stimmbaender.ch\/home2\/wp-content\/uploads\/2019\/11\/vlcsnap-2019-11-23-20h23m23s656-300x169.png 300w, https:\/\/stimmbaender.ch\/home2\/wp-content\/uploads\/2019\/11\/vlcsnap-2019-11-23-20h23m23s656-768x432.png 768w, https:\/\/stimmbaender.ch\/home2\/wp-content\/uploads\/2019\/11\/vlcsnap-2019-11-23-20h23m23s656.png 1280w\" sizes=\"auto, (max-width: 1024px) 100vw, 1024px\" \/><\/a><\/figure>\n\n\n\n<figure class=\"wp-block-image size-large\"><a href=\"https:\/\/stimmbaender.ch\/home2\/wp-content\/uploads\/2019\/11\/vlcsnap-2019-11-23-20h22m51s867.png\"><img loading=\"lazy\" decoding=\"async\" width=\"1024\" height=\"576\" data-id=\"657\" src=\"https:\/\/stimmbaender.ch\/home2\/wp-content\/uploads\/2019\/11\/vlcsnap-2019-11-23-20h22m51s867-1024x576.png\" alt=\"\" class=\"wp-image-657\" srcset=\"https:\/\/stimmbaender.ch\/home2\/wp-content\/uploads\/2019\/11\/vlcsnap-2019-11-23-20h22m51s867-1024x576.png 1024w, https:\/\/stimmbaender.ch\/home2\/wp-content\/uploads\/2019\/11\/vlcsnap-2019-11-23-20h22m51s867-300x169.png 300w, https:\/\/stimmbaender.ch\/home2\/wp-content\/uploads\/2019\/11\/vlcsnap-2019-11-23-20h22m51s867-768x432.png 768w, https:\/\/stimmbaender.ch\/home2\/wp-content\/uploads\/2019\/11\/vlcsnap-2019-11-23-20h22m51s867.png 1280w\" sizes=\"auto, (max-width: 1024px) 100vw, 1024px\" \/><\/a><\/figure>\n<\/figure>\n\n\n\n<div style=\"height:71px\" aria-hidden=\"true\" class=\"wp-block-spacer\"><\/div>\n\n\n\n<h3 class=\"wp-block-heading\" id=\"Statements\">Darum singen wir in der Stimmb\u00e4nder GmbH <\/h3>\n\n\n\n<div class=\"wp-block-media-text alignwide\"><figure class=\"wp-block-media-text__media\"><img loading=\"lazy\" decoding=\"async\" width=\"400\" height=\"300\" src=\"https:\/\/stimmbaender.ch\/home2\/wp-content\/uploads\/2019\/11\/20181024_202907.png\" alt=\"\" class=\"wp-image-569 size-full\" srcset=\"https:\/\/stimmbaender.ch\/home2\/wp-content\/uploads\/2019\/11\/20181024_202907.png 400w, https:\/\/stimmbaender.ch\/home2\/wp-content\/uploads\/2019\/11\/20181024_202907-300x225.png 300w\" sizes=\"auto, (max-width: 400px) 100vw, 400px\" \/><\/figure><div class=\"wp-block-media-text__content\">\n<p class=\"wp-block-paragraph\"><strong>Simone<\/strong><\/p>\n\n\n\n<p class=\"wp-block-paragraph\"><em>\u00abIch gehe nach der Probe immer beschwingt und angeregt nach Hause. Das Singen tut mir sehr gut.\u00bb<br><\/em><br><strong>Lieblingslied: <br><\/strong><a href=\"https:\/\/stimmbaender.ch\/sounds\/Buchegg19\/04_Okan_bale.mp3\">Okan bal\u00e8<\/a><br><em>\u00abIch bin stolz, dass ich diesen Text gelernt habe!\u00bb <\/em><\/p>\n<\/div><\/div>\n\n\n\n<hr class=\"wp-block-separator has-css-opacity\"\/>\n\n\n\n<div class=\"wp-block-media-text alignwide has-media-on-the-right\"><div class=\"wp-block-media-text__content\">\n<p class=\"wp-block-paragraph\"><strong>Carino<\/strong><em> <\/em><\/p>\n\n\n\n<p class=\"wp-block-paragraph\"><em>\u00abWenn ich bei der Stimmb\u00e4nder GmbH singe, befinde ich mich in einer heilen Welt.\u00bb <\/em><br><br><strong>Lieblingslied: <\/strong><br><a href=\"https:\/\/stimmbaender.ch\/sounds\/Buchegg_1999\/01_Logical%20Song.mp3\">Logical song<\/a> <br><em>\u00abBei &#8218;Logical Song&#8216; f\u00fchle ich mich in meine junge Erwachsenenzeit versetzt!\u00bb <\/em><\/p>\n<\/div><figure class=\"wp-block-media-text__media\"><img loading=\"lazy\" decoding=\"async\" width=\"264\" height=\"400\" src=\"https:\/\/stimmbaender.ch\/home2\/wp-content\/uploads\/2019\/11\/carino_k.jpg\" alt=\"\" class=\"wp-image-561 size-full\" srcset=\"https:\/\/stimmbaender.ch\/home2\/wp-content\/uploads\/2019\/11\/carino_k.jpg 264w, https:\/\/stimmbaender.ch\/home2\/wp-content\/uploads\/2019\/11\/carino_k-198x300.jpg 198w\" sizes=\"auto, (max-width: 264px) 100vw, 264px\" \/><\/figure><\/div>\n\n\n\n<hr class=\"wp-block-separator has-css-opacity\"\/>\n\n\n\n<div class=\"wp-block-media-text alignwide\"><figure class=\"wp-block-media-text__media\"><img loading=\"lazy\" decoding=\"async\" width=\"123\" height=\"159\" src=\"https:\/\/stimmbaender.ch\/home2\/wp-content\/uploads\/2019\/11\/barbara.png\" alt=\"\" class=\"wp-image-571 size-full\"\/><\/figure><div class=\"wp-block-media-text__content\">\n<p class=\"wp-block-paragraph\"><strong>Barbara<\/strong><\/p>\n\n\n\n<p class=\"wp-block-paragraph\"><em>\u00abSingen in unserem stressfreien Chor macht einfach gl\u00fccklich und bringt die Stimmung (wieder) auf 100. Danach noch ein Bier und die Welt k\u00f6nnte nicht sch\u00f6ner sein.\u00bb<\/em><strong> <\/strong><br><br><strong>Lieblingslied:<\/strong><br><a href=\"https:\/\/stimmbaender.ch\/sounds\/Konzerte18\/13%20Svatba.mp3\">Svatba<\/a><em><br>\u00abDa kann ich mit voller Stimme und ganzem Herzen alles geben. Die bulgarischen Lieder haben eine so kraftvolle und sch\u00f6ne Atmosph\u00e4re. Nach dem Singen dieses Liedes ist die Welt f\u00fcr mich wieder in Ordnung.\u00bb<\/em><\/p>\n<\/div><\/div>\n\n\n\n<hr class=\"wp-block-separator has-css-opacity\"\/>\n\n\n\n<div class=\"wp-block-media-text alignwide has-media-on-the-right\"><div class=\"wp-block-media-text__content\">\n<p class=\"wp-block-paragraph\"><strong>Herbert<\/strong><\/p>\n\n\n\n<p class=\"wp-block-paragraph\"><em>\u00abBei der Stimmb\u00e4nder GmbH finde ich im gemeinsamen Gesang zu neuen M\u00e4nnerfreundschaften.\u00bb<\/em><br><br><strong>Lieblingslied:<\/strong><a href=\"https:\/\/stimmbaender.ch\/sounds\/Buchegg19\/06_Rabo_de_nube.mp3\"><br>Rabo de nube<\/a><br><em> \u00abSilvio Rodriques hat mich schon als junger Erwachsener zu Tr\u00e4nen ger\u00fchrt &#8211; er tut es auch heute noch!\u00bb<\/em>  <\/p>\n<\/div><figure class=\"wp-block-media-text__media\"><img loading=\"lazy\" decoding=\"async\" width=\"300\" height=\"400\" src=\"https:\/\/stimmbaender.ch\/home2\/wp-content\/uploads\/2019\/11\/FA5_1104-web_k.jpg\" alt=\"\" class=\"wp-image-562 size-full\" srcset=\"https:\/\/stimmbaender.ch\/home2\/wp-content\/uploads\/2019\/11\/FA5_1104-web_k.jpg 300w, https:\/\/stimmbaender.ch\/home2\/wp-content\/uploads\/2019\/11\/FA5_1104-web_k-225x300.jpg 225w\" sizes=\"auto, (max-width: 300px) 100vw, 300px\" \/><\/figure><\/div>\n\n\n\n<hr class=\"wp-block-separator has-css-opacity\"\/>\n\n\n\n<div class=\"wp-block-media-text alignwide\"><figure class=\"wp-block-media-text__media\"><img loading=\"lazy\" decoding=\"async\" width=\"640\" height=\"480\" src=\"https:\/\/stimmbaender.ch\/home2\/wp-content\/uploads\/2019\/11\/P1030140.jpg\" alt=\"\" class=\"wp-image-565 size-full\" srcset=\"https:\/\/stimmbaender.ch\/home2\/wp-content\/uploads\/2019\/11\/P1030140.jpg 640w, https:\/\/stimmbaender.ch\/home2\/wp-content\/uploads\/2019\/11\/P1030140-300x225.jpg 300w\" sizes=\"auto, (max-width: 640px) 100vw, 640px\" \/><\/figure><div class=\"wp-block-media-text__content\">\n<p class=\"wp-block-paragraph\"><strong>Maria<\/strong><\/p>\n\n\n\n<p class=\"wp-block-paragraph\"><em>\u00abBei der Stimmb\u00e4nder GmbH faszinieren mich die Vielfalt der Stilrichtungen sowie Luzis kreative Arrangements. Das sind die Destillate, die diesen Chor auszeichnen.\u00bb <\/em><br><br><strong>Lieblingslied:<\/strong><br><a href=\"https:\/\/stimmbaender.ch\/sounds\/Buchegg16\/09_SaltyDog-Sa.mp3\">Salty Dog<\/a><br> <em>\u00abProcol Harum trifft auf Bach, eine gewagt sch\u00f6ne Begegnung, und Caspars Tastenbegleitung ist schlicht bezaubernd, Philipps M\u00f6wen quietschend echt!\u00bb<\/em><strong> <\/strong><\/p>\n<\/div><\/div>\n\n\n\n<hr class=\"wp-block-separator has-css-opacity\"\/>\n\n\n\n<div class=\"wp-block-media-text alignwide has-media-on-the-right\"><div class=\"wp-block-media-text__content\">\n<p class=\"wp-block-paragraph\"><strong>Thomas<\/strong><\/p>\n\n\n\n<p class=\"wp-block-paragraph\"> <em>\u00abMusik bedeutet mir sehr viel. Und Singen im Chor erm\u00f6glicht es mir, selbst Musik zu machen.\u00bb <\/em><br><br><strong>Lieblingslied: <\/strong> <br><a href=\"https:\/\/stimmbaender.ch\/sounds\/Buchegg12\/06-Bay%20Bondy%e9%20Medley.mp3\">Bay bondye gwla \/ Ayibobo<\/a> <br> <em>\u00abZwei St\u00fccke, die mir direkt ins Herz gehen, in Luzi-Manier miteinander verwoben. Das zu singen, bereitet mir G\u00e4nsehaut.\u00bb <\/em><\/p>\n<\/div><figure class=\"wp-block-media-text__media\"><img loading=\"lazy\" decoding=\"async\" width=\"640\" height=\"480\" src=\"https:\/\/stimmbaender.ch\/home2\/wp-content\/uploads\/2019\/11\/P1030187.jpg\" alt=\"\" class=\"wp-image-566 size-full\" srcset=\"https:\/\/stimmbaender.ch\/home2\/wp-content\/uploads\/2019\/11\/P1030187.jpg 640w, https:\/\/stimmbaender.ch\/home2\/wp-content\/uploads\/2019\/11\/P1030187-300x225.jpg 300w\" sizes=\"auto, (max-width: 640px) 100vw, 640px\" \/><\/figure><\/div>\n\n\n\n<hr class=\"wp-block-separator has-css-opacity\"\/>\n\n\n\n<div class=\"wp-block-media-text alignwide\"><figure class=\"wp-block-media-text__media\"><img loading=\"lazy\" decoding=\"async\" width=\"400\" height=\"300\" src=\"https:\/\/stimmbaender.ch\/home2\/wp-content\/uploads\/2019\/11\/20181024_203944.png\" alt=\"\" class=\"wp-image-707 size-full\" srcset=\"https:\/\/stimmbaender.ch\/home2\/wp-content\/uploads\/2019\/11\/20181024_203944.png 400w, https:\/\/stimmbaender.ch\/home2\/wp-content\/uploads\/2019\/11\/20181024_203944-300x225.png 300w\" sizes=\"auto, (max-width: 400px) 100vw, 400px\" \/><\/figure><div class=\"wp-block-media-text__content\">\n<p class=\"wp-block-paragraph\"><strong>Christa<\/strong><\/p>\n\n\n\n<p class=\"wp-block-paragraph\"><em>\u00abIch singe nun viel \u00f6fter auch mal f\u00fcr mich alleine \u2013 auf dem Velo oder beim Z\u00e4hneputzen. Die Lieder begleiten mich im Alltag und beleben Hirn und Herz.\u00bb<\/em><br><br><strong>Lieblingslied: <\/strong> <br><a href=\"https:\/\/stimmbaender.ch\/sounds\/Buchegg19\/07_It's_raining_men.mp3\">It\u2019s raining men<\/a><br><em>\u00abEigentlich kein Lieblingsst\u00fcck von mir, aber das in diesem H\u00f6llentempo zu singen, war einfach great fun!\u00bb<\/em><\/p>\n<\/div><\/div>\n\n\n\n<hr class=\"wp-block-separator has-css-opacity\"\/>\n\n\n\n<div class=\"wp-block-media-text alignwide has-media-on-the-right\"><div class=\"wp-block-media-text__content\">\n<p class=\"wp-block-paragraph\"><strong>Simone<\/strong><\/p>\n\n\n\n<p class=\"wp-block-paragraph\"><em>\u00abIch liebe die Songs, die uns Luzi auf die Stimmb\u00e4nder schreibt, und die fr\u00f6hliche Atmosph\u00e4re im Chor.\u00bb <\/em><br><br><strong>Lieblingslied: <\/strong> <br><a href=\"https:\/\/stimmbaender.ch\/sounds\/Buchegg19\/14_Aven_ivenda.mp3\">Aven ivenda<\/a><br><em>\u00abEin Lied, das unter die Haut geht und sich tief im Herzen einnistet. Ich finde es toll, solche Lieder aus aller Welt kennenzulernen.\u00bb <\/em><\/p>\n<\/div><figure class=\"wp-block-media-text__media\"><img loading=\"lazy\" decoding=\"async\" width=\"300\" height=\"400\" src=\"https:\/\/stimmbaender.ch\/home2\/wp-content\/uploads\/2019\/11\/20191114_193835_k.jpg\" alt=\"\" class=\"wp-image-570 size-full\" srcset=\"https:\/\/stimmbaender.ch\/home2\/wp-content\/uploads\/2019\/11\/20191114_193835_k.jpg 300w, https:\/\/stimmbaender.ch\/home2\/wp-content\/uploads\/2019\/11\/20191114_193835_k-225x300.jpg 225w\" sizes=\"auto, (max-width: 300px) 100vw, 300px\" \/><\/figure><\/div>\n\n\n\n<hr class=\"wp-block-separator has-css-opacity\"\/>\n\n\n\n<div class=\"wp-block-media-text alignwide\"><figure class=\"wp-block-media-text__media\"><img loading=\"lazy\" decoding=\"async\" width=\"640\" height=\"480\" src=\"https:\/\/stimmbaender.ch\/home2\/wp-content\/uploads\/2019\/11\/P1030139.jpg\" alt=\"\" class=\"wp-image-564 size-full\" srcset=\"https:\/\/stimmbaender.ch\/home2\/wp-content\/uploads\/2019\/11\/P1030139.jpg 640w, https:\/\/stimmbaender.ch\/home2\/wp-content\/uploads\/2019\/11\/P1030139-300x225.jpg 300w\" sizes=\"auto, (max-width: 640px) 100vw, 640px\" \/><\/figure><div class=\"wp-block-media-text__content\">\n<p class=\"wp-block-paragraph\"><strong>Verena<\/strong><\/p>\n\n\n\n<p class=\"wp-block-paragraph\"><em>\u00abSingen ohne Noten, tolle Mits\u00e4nger\/innen, ein buntes, spannendes Repertoire an Songs und ein Chorleiter mit roten Schuhen\u2026 &nbsp;f\u00fcr mich einfach perfekt!<\/em>\u00bb <em><br><br><\/em><strong>Lieblingslied: <\/strong> <br><a href=\"https:\/\/stimmbaender.ch\/sounds\/Buchegg12\/04-Spain.mp3\">Spain<\/a><em><br>\u00abIch fand es eine tolle Herausforderung, dieses St\u00fcck als Chor zu singen.\u00bb <\/em><\/p>\n<\/div><\/div>\n\n\n\n<div style=\"height:100px\" aria-hidden=\"true\" class=\"wp-block-spacer\"><\/div>\n\n\n\n<h3 class=\"wp-block-heading\">&#8230; und was wir sonst noch machen<\/h3>\n\n\n\n<p class=\"wp-block-paragraph\">Nach den Proben treffen sich einige auf einen Drink in einer nahen Beiz. An einem Abend vor den Sommerferien singen und grillieren wir miteinander. Hin und wieder machen wir einen Chor-Ausflug, auf dem wir uns viel zu erz\u00e4hlen haben, das Zusammensein geniessen \u2013 und nat\u00fcrlich singen.<\/p>\n\n\n\n<figure class=\"wp-block-gallery has-nested-images columns-2 wp-block-gallery-2 is-layout-flex wp-block-gallery-is-layout-flex\">\n<figure class=\"wp-block-image size-large\"><a href=\"https:\/\/stimmbaender.ch\/home2\/wp-content\/uploads\/2019\/11\/20190831_133644-scaled.jpg\"><img loading=\"lazy\" decoding=\"async\" width=\"1024\" height=\"768\" data-id=\"733\" src=\"https:\/\/stimmbaender.ch\/home2\/wp-content\/uploads\/2019\/11\/20190831_133644-1024x768.jpg\" alt=\"\" class=\"wp-image-733\" srcset=\"https:\/\/stimmbaender.ch\/home2\/wp-content\/uploads\/2019\/11\/20190831_133644-1024x768.jpg 1024w, https:\/\/stimmbaender.ch\/home2\/wp-content\/uploads\/2019\/11\/20190831_133644-300x225.jpg 300w, https:\/\/stimmbaender.ch\/home2\/wp-content\/uploads\/2019\/11\/20190831_133644-768x576.jpg 768w, https:\/\/stimmbaender.ch\/home2\/wp-content\/uploads\/2019\/11\/20190831_133644-1536x1152.jpg 1536w, https:\/\/stimmbaender.ch\/home2\/wp-content\/uploads\/2019\/11\/20190831_133644-2048x1536.jpg 2048w\" sizes=\"auto, (max-width: 1024px) 100vw, 1024px\" \/><\/a><\/figure>\n\n\n\n<figure class=\"wp-block-image size-large\"><a href=\"https:\/\/stimmbaender.ch\/home2\/wp-content\/uploads\/2019\/11\/20190831_140551-scaled.jpg\"><img loading=\"lazy\" decoding=\"async\" width=\"1024\" height=\"768\" data-id=\"739\" src=\"https:\/\/stimmbaender.ch\/home2\/wp-content\/uploads\/2019\/11\/20190831_140551-1024x768.jpg\" alt=\"\" class=\"wp-image-739\" srcset=\"https:\/\/stimmbaender.ch\/home2\/wp-content\/uploads\/2019\/11\/20190831_140551-1024x768.jpg 1024w, https:\/\/stimmbaender.ch\/home2\/wp-content\/uploads\/2019\/11\/20190831_140551-300x225.jpg 300w, https:\/\/stimmbaender.ch\/home2\/wp-content\/uploads\/2019\/11\/20190831_140551-768x576.jpg 768w, https:\/\/stimmbaender.ch\/home2\/wp-content\/uploads\/2019\/11\/20190831_140551-1536x1152.jpg 1536w, https:\/\/stimmbaender.ch\/home2\/wp-content\/uploads\/2019\/11\/20190831_140551-2048x1536.jpg 2048w\" sizes=\"auto, (max-width: 1024px) 100vw, 1024px\" \/><\/a><\/figure>\n\n\n\n<figure class=\"wp-block-image size-large\"><a href=\"https:\/\/stimmbaender.ch\/home2\/wp-content\/uploads\/2019\/11\/s5-rotated.jpg\"><img loading=\"lazy\" decoding=\"async\" width=\"768\" height=\"1024\" data-id=\"740\" src=\"https:\/\/stimmbaender.ch\/home2\/wp-content\/uploads\/2019\/11\/s5-768x1024.jpg\" alt=\"\" class=\"wp-image-740\" srcset=\"https:\/\/stimmbaender.ch\/home2\/wp-content\/uploads\/2019\/11\/s5-768x1024.jpg 768w, https:\/\/stimmbaender.ch\/home2\/wp-content\/uploads\/2019\/11\/s5-225x300.jpg 225w, https:\/\/stimmbaender.ch\/home2\/wp-content\/uploads\/2019\/11\/s5-rotated.jpg 1152w\" sizes=\"auto, (max-width: 768px) 100vw, 768px\" \/><\/a><\/figure>\n\n\n\n<figure class=\"wp-block-image size-large\"><a href=\"https:\/\/stimmbaender.ch\/home2\/wp-content\/uploads\/2019\/11\/s2.jpg\"><img loading=\"lazy\" decoding=\"async\" width=\"768\" height=\"1024\" data-id=\"742\" src=\"https:\/\/stimmbaender.ch\/home2\/wp-content\/uploads\/2019\/11\/s2-768x1024.jpg\" alt=\"\" class=\"wp-image-742\" srcset=\"https:\/\/stimmbaender.ch\/home2\/wp-content\/uploads\/2019\/11\/s2-768x1024.jpg 768w, https:\/\/stimmbaender.ch\/home2\/wp-content\/uploads\/2019\/11\/s2-225x300.jpg 225w, https:\/\/stimmbaender.ch\/home2\/wp-content\/uploads\/2019\/11\/s2.jpg 1152w\" sizes=\"auto, (max-width: 768px) 100vw, 768px\" \/><\/a><\/figure>\n\n\n\n<figure class=\"wp-block-image size-large\"><a href=\"https:\/\/stimmbaender.ch\/home2\/wp-content\/uploads\/2019\/11\/s3.jpg\"><img loading=\"lazy\" decoding=\"async\" width=\"1024\" height=\"768\" data-id=\"743\" src=\"https:\/\/stimmbaender.ch\/home2\/wp-content\/uploads\/2019\/11\/s3-1024x768.jpg\" alt=\"\" class=\"wp-image-743\" srcset=\"https:\/\/stimmbaender.ch\/home2\/wp-content\/uploads\/2019\/11\/s3-1024x768.jpg 1024w, https:\/\/stimmbaender.ch\/home2\/wp-content\/uploads\/2019\/11\/s3-300x225.jpg 300w, https:\/\/stimmbaender.ch\/home2\/wp-content\/uploads\/2019\/11\/s3-768x576.jpg 768w, https:\/\/stimmbaender.ch\/home2\/wp-content\/uploads\/2019\/11\/s3.jpg 1536w\" sizes=\"auto, (max-width: 1024px) 100vw, 1024px\" \/><\/a><\/figure>\n\n\n\n<figure class=\"wp-block-image size-large\"><a href=\"https:\/\/stimmbaender.ch\/home2\/wp-content\/uploads\/2019\/11\/s1.jpg\"><img loading=\"lazy\" decoding=\"async\" width=\"1024\" height=\"768\" data-id=\"741\" src=\"https:\/\/stimmbaender.ch\/home2\/wp-content\/uploads\/2019\/11\/s1-1024x768.jpg\" alt=\"\" class=\"wp-image-741\" srcset=\"https:\/\/stimmbaender.ch\/home2\/wp-content\/uploads\/2019\/11\/s1-1024x768.jpg 1024w, https:\/\/stimmbaender.ch\/home2\/wp-content\/uploads\/2019\/11\/s1-300x225.jpg 300w, https:\/\/stimmbaender.ch\/home2\/wp-content\/uploads\/2019\/11\/s1-768x576.jpg 768w, https:\/\/stimmbaender.ch\/home2\/wp-content\/uploads\/2019\/11\/s1.jpg 1536w\" sizes=\"auto, (max-width: 1024px) 100vw, 1024px\" \/><\/a><\/figure>\n<figcaption class=\"blocks-gallery-caption wp-element-caption\">Impressionen aus der \u00abChor-Freizeit\u00bb<\/figcaption><\/figure>\n\n\n\n<p class=\"wp-block-paragraph\"><\/p>\n","protected":false},"excerpt":{"rendered":"<p>Stimmb\u00e4nder GmbH &#8211; Der Gesangsverein mit besonderer Harmonie Hintergrund zum Chor Wir lernen unsere Lieder nur nach dem Geh\u00f6r, ohne Noten, und proben daf\u00fcr einmal w\u00f6chentlich zweieinhalb Stunden. Dabei werden wir gelegentlich von Stimmbildnerinnen unterst\u00fctzt. So zum Beispiel von Nicole M\u00fcnch (sie hat Stimm-Trainings geleitet und mit uns an den Songs f\u00fcr den Auftritt gefeilt) [&hellip;]<\/p>\n","protected":false},"author":1,"featured_media":0,"parent":0,"menu_order":0,"comment_status":"closed","ping_status":"closed","template":"","meta":{"footnotes":""},"class_list":["post-20","page","type-page","status-publish","hentry","entry"],"yoast_head":"<!-- This site is optimized with the Yoast SEO plugin v28.1 - https:\/\/yoast.com\/product\/yoast-seo-wordpress\/ -->\n<title>\u00dcber die Stimmb\u00e4nder GmbH - Der Chor, der ohne Noten singt<\/title>\n<meta name=\"description\" content=\"Wir lernen unsere Lieder ohne Noten, nur nach dem Geh\u00f6r und proben einmal w\u00f6chentlich. Jedes Jahr im Fr\u00fchling treten wir in \u00f6ffentlichen Konzerten auf, bei denen uns Profi Musiker begleiten. Unser Repertoire ist vielseitig und abwechslungsreich: Rock, Pop, slawische Volkslieder, afrikanische Lieder, Latin-Grooves oder leicht klassisch Angehauchtes. Auch ausserhalb der Chor-Proben unternehmen wir einiges zusammen.\" \/>\n<meta name=\"robots\" content=\"index, follow, max-snippet:-1, max-image-preview:large, max-video-preview:-1\" \/>\n<link rel=\"canonical\" href=\"https:\/\/stimmbaender.ch\/home2\/chor\/\" \/>\n<meta property=\"og:locale\" content=\"de_DE\" \/>\n<meta property=\"og:type\" content=\"article\" \/>\n<meta property=\"og:title\" content=\"\u00dcber die Stimmb\u00e4nder GmbH - Der Chor, der ohne Noten singt\" \/>\n<meta property=\"og:description\" content=\"Wir lernen unsere Lieder ohne Noten, nur nach dem Geh\u00f6r und proben einmal w\u00f6chentlich. Jedes Jahr im Fr\u00fchling treten wir in \u00f6ffentlichen Konzerten auf, bei denen uns Profi Musiker begleiten. Unser Repertoire ist vielseitig und abwechslungsreich: Rock, Pop, slawische Volkslieder, afrikanische Lieder, Latin-Grooves oder leicht klassisch Angehauchtes. Auch ausserhalb der Chor-Proben unternehmen wir einiges zusammen.\" \/>\n<meta property=\"og:url\" content=\"https:\/\/stimmbaender.ch\/home2\/chor\/\" \/>\n<meta property=\"og:site_name\" content=\"Stimmb\u00e4nder GmbH\" \/>\n<meta property=\"article:modified_time\" content=\"2026-03-13T16:47:03+00:00\" \/>\n<meta property=\"og:image\" content=\"https:\/\/stimmbaender.ch\/home2\/wp-content\/uploads\/2019\/11\/vlcsnap-2019-11-23-20h22m51s867.png\" \/>\n\t<meta property=\"og:image:width\" content=\"1280\" \/>\n\t<meta property=\"og:image:height\" content=\"720\" \/>\n\t<meta property=\"og:image:type\" content=\"image\/png\" \/>\n<meta name=\"twitter:card\" content=\"summary_large_image\" \/>\n<meta name=\"twitter:label1\" content=\"Gesch\u00e4tzte Lesezeit\" \/>\n\t<meta name=\"twitter:data1\" content=\"9\u00a0Minuten\" \/>\n<script type=\"application\/ld+json\" class=\"yoast-schema-graph\">{\"@context\":\"https:\\\/\\\/schema.org\",\"@graph\":[{\"@type\":\"WebPage\",\"@id\":\"https:\\\/\\\/stimmbaender.ch\\\/home2\\\/chor\\\/\",\"url\":\"https:\\\/\\\/stimmbaender.ch\\\/home2\\\/chor\\\/\",\"name\":\"\u00dcber die Stimmb\u00e4nder GmbH - Der Chor, der ohne Noten singt\",\"isPartOf\":{\"@id\":\"https:\\\/\\\/stimmbaender.ch\\\/home2\\\/#website\"},\"primaryImageOfPage\":{\"@id\":\"https:\\\/\\\/stimmbaender.ch\\\/home2\\\/chor\\\/#primaryimage\"},\"image\":{\"@id\":\"https:\\\/\\\/stimmbaender.ch\\\/home2\\\/chor\\\/#primaryimage\"},\"thumbnailUrl\":\"https:\\\/\\\/stimmbaender.ch\\\/home2\\\/wp-content\\\/uploads\\\/2019\\\/11\\\/vlcsnap-2019-11-23-20h22m51s867-1024x576.png\",\"datePublished\":\"2013-05-18T20:16:54+00:00\",\"dateModified\":\"2026-03-13T16:47:03+00:00\",\"description\":\"Wir lernen unsere Lieder ohne Noten, nur nach dem Geh\u00f6r und proben einmal w\u00f6chentlich. Jedes Jahr im Fr\u00fchling treten wir in \u00f6ffentlichen Konzerten auf, bei denen uns Profi Musiker begleiten. Unser Repertoire ist vielseitig und abwechslungsreich: Rock, Pop, slawische Volkslieder, afrikanische Lieder, Latin-Grooves oder leicht klassisch Angehauchtes. Auch ausserhalb der Chor-Proben unternehmen wir einiges zusammen.\",\"breadcrumb\":{\"@id\":\"https:\\\/\\\/stimmbaender.ch\\\/home2\\\/chor\\\/#breadcrumb\"},\"inLanguage\":\"de\",\"potentialAction\":[{\"@type\":\"ReadAction\",\"target\":[\"https:\\\/\\\/stimmbaender.ch\\\/home2\\\/chor\\\/\"]}]},{\"@type\":\"ImageObject\",\"inLanguage\":\"de\",\"@id\":\"https:\\\/\\\/stimmbaender.ch\\\/home2\\\/chor\\\/#primaryimage\",\"url\":\"https:\\\/\\\/stimmbaender.ch\\\/home2\\\/wp-content\\\/uploads\\\/2019\\\/11\\\/vlcsnap-2019-11-23-20h22m51s867.png\",\"contentUrl\":\"https:\\\/\\\/stimmbaender.ch\\\/home2\\\/wp-content\\\/uploads\\\/2019\\\/11\\\/vlcsnap-2019-11-23-20h22m51s867.png\",\"width\":1280,\"height\":720},{\"@type\":\"BreadcrumbList\",\"@id\":\"https:\\\/\\\/stimmbaender.ch\\\/home2\\\/chor\\\/#breadcrumb\",\"itemListElement\":[{\"@type\":\"ListItem\",\"position\":1,\"name\":\"Home\",\"item\":\"https:\\\/\\\/stimmbaender.ch\\\/home2\\\/\"},{\"@type\":\"ListItem\",\"position\":2,\"name\":\"\u00dcber die Stimmb\u00e4nder GmbH\"}]},{\"@type\":\"WebSite\",\"@id\":\"https:\\\/\\\/stimmbaender.ch\\\/home2\\\/#website\",\"url\":\"https:\\\/\\\/stimmbaender.ch\\\/home2\\\/\",\"name\":\"Stimmb\u00e4nder GmbH\",\"description\":\"Der Chor ohne Noten in Z\u00fcrich\",\"publisher\":{\"@id\":\"https:\\\/\\\/stimmbaender.ch\\\/home2\\\/#organization\"},\"potentialAction\":[{\"@type\":\"SearchAction\",\"target\":{\"@type\":\"EntryPoint\",\"urlTemplate\":\"https:\\\/\\\/stimmbaender.ch\\\/home2\\\/?s={search_term_string}\"},\"query-input\":{\"@type\":\"PropertyValueSpecification\",\"valueRequired\":true,\"valueName\":\"search_term_string\"}}],\"inLanguage\":\"de\"},{\"@type\":\"Organization\",\"@id\":\"https:\\\/\\\/stimmbaender.ch\\\/home2\\\/#organization\",\"name\":\"Stimmb\u00e4nder GmbH\",\"url\":\"https:\\\/\\\/stimmbaender.ch\\\/home2\\\/\",\"logo\":{\"@type\":\"ImageObject\",\"inLanguage\":\"de\",\"@id\":\"https:\\\/\\\/stimmbaender.ch\\\/home2\\\/#\\\/schema\\\/logo\\\/image\\\/\",\"url\":\"https:\\\/\\\/stimmbaender.ch\\\/home2\\\/wp-content\\\/uploads\\\/2019\\\/11\\\/logo-1.png\",\"contentUrl\":\"https:\\\/\\\/stimmbaender.ch\\\/home2\\\/wp-content\\\/uploads\\\/2019\\\/11\\\/logo-1.png\",\"width\":250,\"height\":80,\"caption\":\"Stimmb\u00e4nder GmbH\"},\"image\":{\"@id\":\"https:\\\/\\\/stimmbaender.ch\\\/home2\\\/#\\\/schema\\\/logo\\\/image\\\/\"}}]}<\/script>\n<!-- \/ Yoast SEO plugin. -->","yoast_head_json":{"title":"\u00dcber die Stimmb\u00e4nder GmbH - Der Chor, der ohne Noten singt","description":"Wir lernen unsere Lieder ohne Noten, nur nach dem Geh\u00f6r und proben einmal w\u00f6chentlich. Jedes Jahr im Fr\u00fchling treten wir in \u00f6ffentlichen Konzerten auf, bei denen uns Profi Musiker begleiten. Unser Repertoire ist vielseitig und abwechslungsreich: Rock, Pop, slawische Volkslieder, afrikanische Lieder, Latin-Grooves oder leicht klassisch Angehauchtes. Auch ausserhalb der Chor-Proben unternehmen wir einiges zusammen.","robots":{"index":"index","follow":"follow","max-snippet":"max-snippet:-1","max-image-preview":"max-image-preview:large","max-video-preview":"max-video-preview:-1"},"canonical":"https:\/\/stimmbaender.ch\/home2\/chor\/","og_locale":"de_DE","og_type":"article","og_title":"\u00dcber die Stimmb\u00e4nder GmbH - Der Chor, der ohne Noten singt","og_description":"Wir lernen unsere Lieder ohne Noten, nur nach dem Geh\u00f6r und proben einmal w\u00f6chentlich. Jedes Jahr im Fr\u00fchling treten wir in \u00f6ffentlichen Konzerten auf, bei denen uns Profi Musiker begleiten. Unser Repertoire ist vielseitig und abwechslungsreich: Rock, Pop, slawische Volkslieder, afrikanische Lieder, Latin-Grooves oder leicht klassisch Angehauchtes. Auch ausserhalb der Chor-Proben unternehmen wir einiges zusammen.","og_url":"https:\/\/stimmbaender.ch\/home2\/chor\/","og_site_name":"Stimmb\u00e4nder GmbH","article_modified_time":"2026-03-13T16:47:03+00:00","og_image":[{"width":1280,"height":720,"url":"https:\/\/stimmbaender.ch\/home2\/wp-content\/uploads\/2019\/11\/vlcsnap-2019-11-23-20h22m51s867.png","type":"image\/png"}],"twitter_card":"summary_large_image","twitter_misc":{"Gesch\u00e4tzte Lesezeit":"9\u00a0Minuten"},"schema":{"@context":"https:\/\/schema.org","@graph":[{"@type":"WebPage","@id":"https:\/\/stimmbaender.ch\/home2\/chor\/","url":"https:\/\/stimmbaender.ch\/home2\/chor\/","name":"\u00dcber die Stimmb\u00e4nder GmbH - Der Chor, der ohne Noten singt","isPartOf":{"@id":"https:\/\/stimmbaender.ch\/home2\/#website"},"primaryImageOfPage":{"@id":"https:\/\/stimmbaender.ch\/home2\/chor\/#primaryimage"},"image":{"@id":"https:\/\/stimmbaender.ch\/home2\/chor\/#primaryimage"},"thumbnailUrl":"https:\/\/stimmbaender.ch\/home2\/wp-content\/uploads\/2019\/11\/vlcsnap-2019-11-23-20h22m51s867-1024x576.png","datePublished":"2013-05-18T20:16:54+00:00","dateModified":"2026-03-13T16:47:03+00:00","description":"Wir lernen unsere Lieder ohne Noten, nur nach dem Geh\u00f6r und proben einmal w\u00f6chentlich. Jedes Jahr im Fr\u00fchling treten wir in \u00f6ffentlichen Konzerten auf, bei denen uns Profi Musiker begleiten. Unser Repertoire ist vielseitig und abwechslungsreich: Rock, Pop, slawische Volkslieder, afrikanische Lieder, Latin-Grooves oder leicht klassisch Angehauchtes. Auch ausserhalb der Chor-Proben unternehmen wir einiges zusammen.","breadcrumb":{"@id":"https:\/\/stimmbaender.ch\/home2\/chor\/#breadcrumb"},"inLanguage":"de","potentialAction":[{"@type":"ReadAction","target":["https:\/\/stimmbaender.ch\/home2\/chor\/"]}]},{"@type":"ImageObject","inLanguage":"de","@id":"https:\/\/stimmbaender.ch\/home2\/chor\/#primaryimage","url":"https:\/\/stimmbaender.ch\/home2\/wp-content\/uploads\/2019\/11\/vlcsnap-2019-11-23-20h22m51s867.png","contentUrl":"https:\/\/stimmbaender.ch\/home2\/wp-content\/uploads\/2019\/11\/vlcsnap-2019-11-23-20h22m51s867.png","width":1280,"height":720},{"@type":"BreadcrumbList","@id":"https:\/\/stimmbaender.ch\/home2\/chor\/#breadcrumb","itemListElement":[{"@type":"ListItem","position":1,"name":"Home","item":"https:\/\/stimmbaender.ch\/home2\/"},{"@type":"ListItem","position":2,"name":"\u00dcber die Stimmb\u00e4nder GmbH"}]},{"@type":"WebSite","@id":"https:\/\/stimmbaender.ch\/home2\/#website","url":"https:\/\/stimmbaender.ch\/home2\/","name":"Stimmb\u00e4nder GmbH","description":"Der Chor ohne Noten in Z\u00fcrich","publisher":{"@id":"https:\/\/stimmbaender.ch\/home2\/#organization"},"potentialAction":[{"@type":"SearchAction","target":{"@type":"EntryPoint","urlTemplate":"https:\/\/stimmbaender.ch\/home2\/?s={search_term_string}"},"query-input":{"@type":"PropertyValueSpecification","valueRequired":true,"valueName":"search_term_string"}}],"inLanguage":"de"},{"@type":"Organization","@id":"https:\/\/stimmbaender.ch\/home2\/#organization","name":"Stimmb\u00e4nder GmbH","url":"https:\/\/stimmbaender.ch\/home2\/","logo":{"@type":"ImageObject","inLanguage":"de","@id":"https:\/\/stimmbaender.ch\/home2\/#\/schema\/logo\/image\/","url":"https:\/\/stimmbaender.ch\/home2\/wp-content\/uploads\/2019\/11\/logo-1.png","contentUrl":"https:\/\/stimmbaender.ch\/home2\/wp-content\/uploads\/2019\/11\/logo-1.png","width":250,"height":80,"caption":"Stimmb\u00e4nder GmbH"},"image":{"@id":"https:\/\/stimmbaender.ch\/home2\/#\/schema\/logo\/image\/"}}]}},"_links":{"self":[{"href":"https:\/\/stimmbaender.ch\/home2\/wp-json\/wp\/v2\/pages\/20","targetHints":{"allow":["GET"]}}],"collection":[{"href":"https:\/\/stimmbaender.ch\/home2\/wp-json\/wp\/v2\/pages"}],"about":[{"href":"https:\/\/stimmbaender.ch\/home2\/wp-json\/wp\/v2\/types\/page"}],"author":[{"embeddable":true,"href":"https:\/\/stimmbaender.ch\/home2\/wp-json\/wp\/v2\/users\/1"}],"replies":[{"embeddable":true,"href":"https:\/\/stimmbaender.ch\/home2\/wp-json\/wp\/v2\/comments?post=20"}],"version-history":[{"count":120,"href":"https:\/\/stimmbaender.ch\/home2\/wp-json\/wp\/v2\/pages\/20\/revisions"}],"predecessor-version":[{"id":1086,"href":"https:\/\/stimmbaender.ch\/home2\/wp-json\/wp\/v2\/pages\/20\/revisions\/1086"}],"wp:attachment":[{"href":"https:\/\/stimmbaender.ch\/home2\/wp-json\/wp\/v2\/media?parent=20"}],"curies":[{"name":"wp","href":"https:\/\/api.w.org\/{rel}","templated":true}]}}