{"id":51,"date":"2013-05-20T12:17:23","date_gmt":"2013-05-20T12:17:23","guid":{"rendered":"http:\/\/staging.stimmbaender.ch\/?page_id=51"},"modified":"2019-11-17T09:18:25","modified_gmt":"2019-11-17T09:18:25","slug":"presse","status":"publish","type":"page","link":"https:\/\/stimmbaender.ch\/home2\/presse\/","title":{"rendered":"Presse"},"content":{"rendered":"\n<h2 class=\"wp-block-heading\">Presse<\/h2>\n\n\n\n<h3 class=\"wp-block-heading\">Das schreibt die Presse \u00fcber die Stimmb\u00e4nder GmbH<\/h3>\n\n\n<p><strong>2019<\/strong><\/p>\n<p><a href=\"http:\/\/www.lokalinfo.ch\/e-paper\/zuerich-nord\/\">Z\u00fcrich Nord<\/a>, 14. M\u00e4rz 2019 (<a href=\"http:\/\/www.lokalinfo.ch\/uploads\/media\/ZN_2019_03_14.pdf#page=9\">pdf<\/a>)<\/p>\n<p><a href=\"https:\/\/stimmbaender.ch\/home2\/wp-content\/uploads\/2019\/03\/ZN_2019_03_14_s9_sb.jpg\"><img loading=\"lazy\" decoding=\"async\" class=\"alignnone size-medium wp-image-349\" src=\"https:\/\/stimmbaender.ch\/home2\/wp-content\/uploads\/2019\/03\/ZN_2019_03_14_s9_sb-139x300.jpg\" alt=\"\" width=\"139\" height=\"300\" srcset=\"https:\/\/stimmbaender.ch\/home2\/wp-content\/uploads\/2019\/03\/ZN_2019_03_14_s9_sb-139x300.jpg 139w, https:\/\/stimmbaender.ch\/home2\/wp-content\/uploads\/2019\/03\/ZN_2019_03_14_s9_sb-100x216.jpg 100w, https:\/\/stimmbaender.ch\/home2\/wp-content\/uploads\/2019\/03\/ZN_2019_03_14_s9_sb-150x324.jpg 150w, https:\/\/stimmbaender.ch\/home2\/wp-content\/uploads\/2019\/03\/ZN_2019_03_14_s9_sb-200x431.jpg 200w, https:\/\/stimmbaender.ch\/home2\/wp-content\/uploads\/2019\/03\/ZN_2019_03_14_s9_sb-300x647.jpg 300w, https:\/\/stimmbaender.ch\/home2\/wp-content\/uploads\/2019\/03\/ZN_2019_03_14_s9_sb.jpg 389w\" sizes=\"auto, (max-width: 139px) 100vw, 139px\" \/><\/a><\/p>\n<p><strong>2003<\/strong><br>\n<a href=\"..\/images\/wthur2003.jpg\" target=\"_blank\" rel=\"noopener noreferrer\">Winterthurer Landbote (2.4.03)<\/a><\/p>\n<p><strong>2002<\/strong><br>\n<a href=\"presse02.php\" target=\"_blank\" rel=\"noopener noreferrer\">Winterthurer Landbote (3.3.02)<\/a><\/p>","protected":false},"excerpt":{"rendered":"<p>Presse Das schreibt die Presse \u00fcber die Stimmb\u00e4nder GmbH 2019 Z\u00fcrich Nord, 14. M\u00e4rz 2019 (pdf) 2003 Winterthurer Landbote (2.4.03) 2002 Winterthurer Landbote (3.3.02)<\/p>\n","protected":false},"author":1,"featured_media":0,"parent":0,"menu_order":0,"comment_status":"closed","ping_status":"closed","template":"","meta":{"footnotes":""},"class_list":["post-51","page","type-page","status-publish","hentry","entry"],"yoast_head":"<!-- This site is optimized with the Yoast SEO plugin v28.1 - https:\/\/yoast.com\/product\/yoast-seo-wordpress\/ -->\n<title>Presse - Stimmb\u00e4nder GmbH<\/title>\n<meta name=\"robots\" content=\"index, follow, max-snippet:-1, max-image-preview:large, max-video-preview:-1\" \/>\n<link rel=\"canonical\" href=\"https:\/\/stimmbaender.ch\/home2\/presse\/\" \/>\n<meta property=\"og:locale\" content=\"de_DE\" \/>\n<meta property=\"og:type\" content=\"article\" \/>\n<meta property=\"og:title\" content=\"Presse - Stimmb\u00e4nder GmbH\" \/>\n<meta property=\"og:description\" content=\"Presse Das schreibt die Presse \u00fcber die Stimmb\u00e4nder GmbH 2019 Z\u00fcrich Nord, 14. M\u00e4rz 2019 (pdf) 2003 Winterthurer Landbote (2.4.03) 2002 Winterthurer Landbote (3.3.02)\" \/>\n<meta property=\"og:url\" content=\"https:\/\/stimmbaender.ch\/home2\/presse\/\" \/>\n<meta property=\"og:site_name\" content=\"Stimmb\u00e4nder GmbH\" \/>\n<meta property=\"article:modified_time\" content=\"2019-11-17T09:18:25+00:00\" \/>\n<meta property=\"og:image\" content=\"https:\/\/stimmbaender.ch\/home2\/wp-content\/uploads\/2019\/03\/ZN_2019_03_14_s9_sb-139x300.jpg\" \/>\n<meta name=\"twitter:card\" content=\"summary_large_image\" \/>\n<script type=\"application\/ld+json\" class=\"yoast-schema-graph\">{\"@context\":\"https:\\\/\\\/schema.org\",\"@graph\":[{\"@type\":\"WebPage\",\"@id\":\"https:\\\/\\\/stimmbaender.ch\\\/home2\\\/presse\\\/\",\"url\":\"https:\\\/\\\/stimmbaender.ch\\\/home2\\\/presse\\\/\",\"name\":\"Presse - Stimmb\u00e4nder GmbH\",\"isPartOf\":{\"@id\":\"https:\\\/\\\/stimmbaender.ch\\\/home2\\\/#website\"},\"primaryImageOfPage\":{\"@id\":\"https:\\\/\\\/stimmbaender.ch\\\/home2\\\/presse\\\/#primaryimage\"},\"image\":{\"@id\":\"https:\\\/\\\/stimmbaender.ch\\\/home2\\\/presse\\\/#primaryimage\"},\"thumbnailUrl\":\"https:\\\/\\\/stimmbaender.ch\\\/home2\\\/wp-content\\\/uploads\\\/2019\\\/03\\\/ZN_2019_03_14_s9_sb-139x300.jpg\",\"datePublished\":\"2013-05-20T12:17:23+00:00\",\"dateModified\":\"2019-11-17T09:18:25+00:00\",\"breadcrumb\":{\"@id\":\"https:\\\/\\\/stimmbaender.ch\\\/home2\\\/presse\\\/#breadcrumb\"},\"inLanguage\":\"de\",\"potentialAction\":[{\"@type\":\"ReadAction\",\"target\":[\"https:\\\/\\\/stimmbaender.ch\\\/home2\\\/presse\\\/\"]}]},{\"@type\":\"ImageObject\",\"inLanguage\":\"de\",\"@id\":\"https:\\\/\\\/stimmbaender.ch\\\/home2\\\/presse\\\/#primaryimage\",\"url\":\"https:\\\/\\\/stimmbaender.ch\\\/home2\\\/wp-content\\\/uploads\\\/2019\\\/03\\\/ZN_2019_03_14_s9_sb.jpg\",\"contentUrl\":\"https:\\\/\\\/stimmbaender.ch\\\/home2\\\/wp-content\\\/uploads\\\/2019\\\/03\\\/ZN_2019_03_14_s9_sb.jpg\",\"width\":389,\"height\":839},{\"@type\":\"BreadcrumbList\",\"@id\":\"https:\\\/\\\/stimmbaender.ch\\\/home2\\\/presse\\\/#breadcrumb\",\"itemListElement\":[{\"@type\":\"ListItem\",\"position\":1,\"name\":\"Home\",\"item\":\"https:\\\/\\\/stimmbaender.ch\\\/home2\\\/\"},{\"@type\":\"ListItem\",\"position\":2,\"name\":\"Presse\"}]},{\"@type\":\"WebSite\",\"@id\":\"https:\\\/\\\/stimmbaender.ch\\\/home2\\\/#website\",\"url\":\"https:\\\/\\\/stimmbaender.ch\\\/home2\\\/\",\"name\":\"Stimmb\u00e4nder GmbH\",\"description\":\"Der Chor ohne Noten in Z\u00fcrich\",\"publisher\":{\"@id\":\"https:\\\/\\\/stimmbaender.ch\\\/home2\\\/#organization\"},\"potentialAction\":[{\"@type\":\"SearchAction\",\"target\":{\"@type\":\"EntryPoint\",\"urlTemplate\":\"https:\\\/\\\/stimmbaender.ch\\\/home2\\\/?s={search_term_string}\"},\"query-input\":{\"@type\":\"PropertyValueSpecification\",\"valueRequired\":true,\"valueName\":\"search_term_string\"}}],\"inLanguage\":\"de\"},{\"@type\":\"Organization\",\"@id\":\"https:\\\/\\\/stimmbaender.ch\\\/home2\\\/#organization\",\"name\":\"Stimmb\u00e4nder GmbH\",\"url\":\"https:\\\/\\\/stimmbaender.ch\\\/home2\\\/\",\"logo\":{\"@type\":\"ImageObject\",\"inLanguage\":\"de\",\"@id\":\"https:\\\/\\\/stimmbaender.ch\\\/home2\\\/#\\\/schema\\\/logo\\\/image\\\/\",\"url\":\"https:\\\/\\\/stimmbaender.ch\\\/home2\\\/wp-content\\\/uploads\\\/2019\\\/11\\\/logo-1.png\",\"contentUrl\":\"https:\\\/\\\/stimmbaender.ch\\\/home2\\\/wp-content\\\/uploads\\\/2019\\\/11\\\/logo-1.png\",\"width\":250,\"height\":80,\"caption\":\"Stimmb\u00e4nder GmbH\"},\"image\":{\"@id\":\"https:\\\/\\\/stimmbaender.ch\\\/home2\\\/#\\\/schema\\\/logo\\\/image\\\/\"}}]}<\/script>\n<!-- \/ Yoast SEO plugin. -->","yoast_head_json":{"title":"Presse - Stimmb\u00e4nder GmbH","robots":{"index":"index","follow":"follow","max-snippet":"max-snippet:-1","max-image-preview":"max-image-preview:large","max-video-preview":"max-video-preview:-1"},"canonical":"https:\/\/stimmbaender.ch\/home2\/presse\/","og_locale":"de_DE","og_type":"article","og_title":"Presse - Stimmb\u00e4nder GmbH","og_description":"Presse Das schreibt die Presse \u00fcber die Stimmb\u00e4nder GmbH 2019 Z\u00fcrich Nord, 14. M\u00e4rz 2019 (pdf) 2003 Winterthurer Landbote (2.4.03) 2002 Winterthurer Landbote (3.3.02)","og_url":"https:\/\/stimmbaender.ch\/home2\/presse\/","og_site_name":"Stimmb\u00e4nder GmbH","article_modified_time":"2019-11-17T09:18:25+00:00","og_image":[{"url":"https:\/\/stimmbaender.ch\/home2\/wp-content\/uploads\/2019\/03\/ZN_2019_03_14_s9_sb-139x300.jpg","type":"","width":"","height":""}],"twitter_card":"summary_large_image","schema":{"@context":"https:\/\/schema.org","@graph":[{"@type":"WebPage","@id":"https:\/\/stimmbaender.ch\/home2\/presse\/","url":"https:\/\/stimmbaender.ch\/home2\/presse\/","name":"Presse - Stimmb\u00e4nder GmbH","isPartOf":{"@id":"https:\/\/stimmbaender.ch\/home2\/#website"},"primaryImageOfPage":{"@id":"https:\/\/stimmbaender.ch\/home2\/presse\/#primaryimage"},"image":{"@id":"https:\/\/stimmbaender.ch\/home2\/presse\/#primaryimage"},"thumbnailUrl":"https:\/\/stimmbaender.ch\/home2\/wp-content\/uploads\/2019\/03\/ZN_2019_03_14_s9_sb-139x300.jpg","datePublished":"2013-05-20T12:17:23+00:00","dateModified":"2019-11-17T09:18:25+00:00","breadcrumb":{"@id":"https:\/\/stimmbaender.ch\/home2\/presse\/#breadcrumb"},"inLanguage":"de","potentialAction":[{"@type":"ReadAction","target":["https:\/\/stimmbaender.ch\/home2\/presse\/"]}]},{"@type":"ImageObject","inLanguage":"de","@id":"https:\/\/stimmbaender.ch\/home2\/presse\/#primaryimage","url":"https:\/\/stimmbaender.ch\/home2\/wp-content\/uploads\/2019\/03\/ZN_2019_03_14_s9_sb.jpg","contentUrl":"https:\/\/stimmbaender.ch\/home2\/wp-content\/uploads\/2019\/03\/ZN_2019_03_14_s9_sb.jpg","width":389,"height":839},{"@type":"BreadcrumbList","@id":"https:\/\/stimmbaender.ch\/home2\/presse\/#breadcrumb","itemListElement":[{"@type":"ListItem","position":1,"name":"Home","item":"https:\/\/stimmbaender.ch\/home2\/"},{"@type":"ListItem","position":2,"name":"Presse"}]},{"@type":"WebSite","@id":"https:\/\/stimmbaender.ch\/home2\/#website","url":"https:\/\/stimmbaender.ch\/home2\/","name":"Stimmb\u00e4nder GmbH","description":"Der Chor ohne Noten in Z\u00fcrich","publisher":{"@id":"https:\/\/stimmbaender.ch\/home2\/#organization"},"potentialAction":[{"@type":"SearchAction","target":{"@type":"EntryPoint","urlTemplate":"https:\/\/stimmbaender.ch\/home2\/?s={search_term_string}"},"query-input":{"@type":"PropertyValueSpecification","valueRequired":true,"valueName":"search_term_string"}}],"inLanguage":"de"},{"@type":"Organization","@id":"https:\/\/stimmbaender.ch\/home2\/#organization","name":"Stimmb\u00e4nder GmbH","url":"https:\/\/stimmbaender.ch\/home2\/","logo":{"@type":"ImageObject","inLanguage":"de","@id":"https:\/\/stimmbaender.ch\/home2\/#\/schema\/logo\/image\/","url":"https:\/\/stimmbaender.ch\/home2\/wp-content\/uploads\/2019\/11\/logo-1.png","contentUrl":"https:\/\/stimmbaender.ch\/home2\/wp-content\/uploads\/2019\/11\/logo-1.png","width":250,"height":80,"caption":"Stimmb\u00e4nder GmbH"},"image":{"@id":"https:\/\/stimmbaender.ch\/home2\/#\/schema\/logo\/image\/"}}]}},"_links":{"self":[{"href":"https:\/\/stimmbaender.ch\/home2\/wp-json\/wp\/v2\/pages\/51","targetHints":{"allow":["GET"]}}],"collection":[{"href":"https:\/\/stimmbaender.ch\/home2\/wp-json\/wp\/v2\/pages"}],"about":[{"href":"https:\/\/stimmbaender.ch\/home2\/wp-json\/wp\/v2\/types\/page"}],"author":[{"embeddable":true,"href":"https:\/\/stimmbaender.ch\/home2\/wp-json\/wp\/v2\/users\/1"}],"replies":[{"embeddable":true,"href":"https:\/\/stimmbaender.ch\/home2\/wp-json\/wp\/v2\/comments?post=51"}],"version-history":[{"count":5,"href":"https:\/\/stimmbaender.ch\/home2\/wp-json\/wp\/v2\/pages\/51\/revisions"}],"predecessor-version":[{"id":602,"href":"https:\/\/stimmbaender.ch\/home2\/wp-json\/wp\/v2\/pages\/51\/revisions\/602"}],"wp:attachment":[{"href":"https:\/\/stimmbaender.ch\/home2\/wp-json\/wp\/v2\/media?parent=51"}],"curies":[{"name":"wp","href":"https:\/\/api.w.org\/{rel}","templated":true}]}}