{"id":98,"date":"2013-05-20T19:02:31","date_gmt":"2013-05-20T19:02:31","guid":{"rendered":"http:\/\/staging.stimmbaender.ch\/?page_id=98"},"modified":"2026-04-03T16:10:41","modified_gmt":"2026-04-03T16:10:41","slug":"rocknethno-chor-zuerich-home","status":"publish","type":"page","link":"https:\/\/stimmbaender.ch\/home2\/","title":{"rendered":"Rock&#8217;n&#8217;Ethno Chor Z\u00fcrich (Home)"},"content":{"rendered":"\n<h2 class=\"wp-block-heading\" id=\"wer\">Wer wir sind<\/h2>\n\n\n\n<p class=\"wp-block-paragraph\">Die Stimmb\u00e4nder GmbH:  <strong>der <\/strong>Rock- und Ethno-Chor in <a href=\"#wo\">Z\u00fcrich<\/a>.<\/p>\n\n\n\n<p class=\"wp-block-paragraph\">Einmal steht das GmbH f\u00fcr \u00ab<strong>G<\/strong>esangsverein <strong>m<\/strong>it <strong>b<\/strong>esonderer <strong>H<\/strong>armonie\u00bb, dann wieder f\u00fcr \u00ab<strong>G<\/strong>esangsverein <strong>m<\/strong>it <strong>b<\/strong>emerkenswerter <strong>H<\/strong>artn\u00e4ckigkeit\u00bb\u2026 man k\u00f6nnte es weitertreiben, aber egal. Denn wichtig ist, was uns verbindet: Wir singen extrem gerne zusammen! <\/p>\n\n\n\n<p class=\"wp-block-paragraph\">Wir, das sind etwa 30 Frauen und M\u00e4nner. Und nat\u00fcrlich unser Chorleiter <a href=\"http:\/\/www.luzidressler.ch\/\">Luzi Dressler<\/a>, der die <strong>Stimmb\u00e4nder GmbH<\/strong> 1992 gegr\u00fcndet hat. <\/p>\n\n\n\n<p class=\"wp-block-paragraph\">Was uns auszeichnet und abhebt von anderen Ch\u00f6ren, ist die Art, wie wir lernen. Bei uns wird das Ohr geschult, das Hirn angenehm zum Gl\u00fchen und das Herz zum Klopfen gebracht. Denn <strong>wir lernen alle Lieder ohne Noten<\/strong> \u2013 und es funktioniert! <\/p>\n\n\n\n<figure class=\"wp-block-embed is-type-video is-provider-youtube wp-block-embed-youtube wp-embed-aspect-16-9 wp-has-aspect-ratio\"><div class=\"wp-block-embed__wrapper\">\n<p class=\"responsive-video-wrap clr\"><iframe loading=\"lazy\" title=\"Stimmb\u00e4nder GmbH - Sommer 2019\" width=\"1200\" height=\"675\" src=\"https:\/\/www.youtube.com\/embed\/RoioLzQP7D0?feature=oembed\" frameborder=\"0\" allow=\"accelerometer; autoplay; clipboard-write; encrypted-media; gyroscope; picture-in-picture; web-share\" referrerpolicy=\"strict-origin-when-cross-origin\" allowfullscreen><\/iframe><\/p>\n<\/div><figcaption class=\"wp-element-caption\">Stimmb\u00e4nder GmbH im Sommer 2019<br>Film und Schnitt: <a href=\"https:\/\/www.facebook.com\/lacasaausente\">Rub\u00e9n Abru\u00f1a<\/a><\/figcaption><\/figure>\n\n\n\n<div style=\"height:64px\" aria-hidden=\"true\" class=\"wp-block-spacer\"><\/div>\n\n\n\n<h2 class=\"wp-block-heading\" id=\"was\"><strong>Was wir singen <\/strong><\/h2>\n\n\n\n<p class=\"wp-block-paragraph\">Unser <strong>Repertoire<\/strong> ist vielseitig und abwechslungsreich: <strong>Rock, Pop, slawische Volkslieder, afrikanische Lieder, Latin-Grooves oder leicht klassisch Angehauchtes.<\/strong> Alle Songs werden von Luzi mit viel Herz und Liebe zum Detail neu arrangiert, f\u00fcr <strong>Sopran, Alt, Tenor und Bass<\/strong>. <\/p>\n\n\n\n<div style=\"height:64px\" aria-hidden=\"true\" class=\"wp-block-spacer\"><\/div>\n\n\n\n<h2 class=\"wp-block-heading\" id=\"wo\">Wo wir singen<\/h2>\n\n\n\n<p class=\"has-black-color has-text-color wp-block-paragraph\">Jeden <strong>Mittwochabend proben<\/strong> wir im Singsaal der <a href=\"https:\/\/www.stadt-zuerich.ch\/schulen\/de\/allenmoos.html\">Schule Allenmoos<\/a> in Z\u00fcrich.  Und immer im Fr\u00fchling stehen wir auf der B\u00fchne mit zwei bis drei <a href=\"https:\/\/stimmbaender.ch\/home2\/konzerte\/\">Konzerten<\/a>. Dabei begleiten uns professionelle Musiker. <\/p>\n\n\n\n<div style=\"height:64px\" aria-hidden=\"true\" class=\"wp-block-spacer\"><\/div>\n\n\n\n<h2 class=\"wp-block-heading\" id=\"konzerte\">N\u00e4chste Konzerte<\/h2>\n\n\n\n<p class=\"wp-block-paragraph\">Die n\u00e4chsten Konzerte finden voraussichtlich im <strong>M\u00e4rz 2027<\/strong> statt.<\/p>\n\n\n\n<p class=\"wp-block-paragraph\">Details zu (kommenden und) vergangenen Konzerten <a href=\"https:\/\/stimmbaender.ch\/home2\/konzerte\/\">hier<\/a>.<\/p>\n\n\n\n<div style=\"height:64px\" aria-hidden=\"true\" class=\"wp-block-spacer\"><\/div>\n\n\n\n<h2 class=\"wp-block-heading\" id=\"weshalb\">Weshalb wir bei der Stimmb\u00e4nder GmbH singen&#8230;<\/h2>\n\n\n\n<p class=\"wp-block-paragraph\"><div class=\"wp-block-media-text alignwide is-stacked-on-mobile\" style=\"grid-template-columns:22% auto\"><figure class=\"wp-block-media-text__media\"><img decoding=\"async\" src=\"https:\/\/stimmbaender.ch\/home2\/wp-content\/uploads\/2019\/11\/carino_k.jpg\" alt=\"\" class=\"wp-image-563\" ><\/figure><div class=\"wp-block-media-text__content\"><p><strong>Carino<\/strong><\/p><p><em>&laquo;Wenn ich bei der Stimmb\u00e4nder GmbH singe, befinde ich mich in einer heilen Welt&raquo;<\/em> <\/p><p><strong>Highlight: <\/strong><br><a href=\"https:\/\/stimmbaender.ch\/sounds\/Buchegg_1999\/01_Logical%20Song.mp3\">Logical song<\/a>!<br><em>&laquo;Bei \u201aLogical Song\u2018 f\u00fchle ich mich in meine junge Erwachsenenzeit versetzt!&raquo;<\/em><\/p><figure class=\"wp-block-audio\"><audio controls=\"\" src=\"https:\/\/stimmbaender.ch\/sounds\/Buchegg_1999\/01_Logical%20Song.mp3\"><\/audio><\/figure><\/div><\/div><hr class=\"wp-block-separator\"><div class=\"wp-block-media-text alignwide has-media-on-the-right is-stacked-on-mobile\" style=\"grid-template-columns:22% auto\"><figure class=\"wp-block-media-text__media\"><img decoding=\"async\" src=\"https:\/\/stimmbaender.ch\/home2\/wp-content\/uploads\/2019\/11\/barbara.png\" alt=\"\" class=\"wp-image-563\" ><\/figure><div class=\"wp-block-media-text__content\"><p><strong>Barbara<\/strong><\/p><p><em>&laquo;Singen in unserem stressfreien Chor macht einfach gl\u00fccklich und bringt die Stimmung (wieder) auf 100. Danach noch ein Bier und die Welt k\u00f6nnte nicht sch\u00f6ner sein.&raquo;<\/em> <\/p><p><strong>Highlight: <\/strong><br><a href=\"https:\/\/stimmbaender.ch\/sounds\/Konzerte18\/13%20Svatba.mp3\">Svatba<\/a>!<br><em>&laquo;Da kann ich mit voller Stimme und ganzem Herzen alles geben. Die bulgarischen Lieder haben eine so kraftvolle und sch\u00f6ne Atmosph\u00e4re. Nach dem Singen dieses Liedes ist die Welt f\u00fcr mich wieder in Ordnung.&raquo;<\/em><\/p><figure class=\"wp-block-audio\"><audio controls=\"\" src=\"https:\/\/stimmbaender.ch\/sounds\/Konzerte18\/13%20Svatba.mp3\"><\/audio><\/figure><\/div><\/div><\/p>\n\n\n\n<p class=\"wp-block-paragraph\"><br>Weitere <a href=\"https:\/\/stimmbaender.ch\/home2\/chor\/#Statements\">Stimmen<\/a> &#8230; <\/p>\n\n\n\n<div style=\"height:64px\" aria-hidden=\"true\" class=\"wp-block-spacer\"><\/div>\n\n\n\n<h2 class=\"wp-block-heading\" id=\"wie\">Wie kann ich mitsingen?<\/h2>\n\n\n\n<p class=\"wp-block-paragraph\">Vor allem Tenor und Bass w\u00fcrden sich noch \u00fcber Verst\u00e4rkung freuen! Wenn du dich angesprochen f\u00fchlst, komm einfach mal zu einer Probe vorbei. Wir proben in der Regel mittwochs, 19:00-21:15 Uhr, im Singsaal der Schule Allenmoss in Z\u00fcrich (finden auf <a href=\"https:\/\/goo.gl\/maps\/QvyxegMugTP2\">Google Maps<\/a>). W\u00e4hrend den Schulferien der Stadt Z\u00fcrich finden \u00fcblicherweise keine Proben statt.   Oder kontaktiere uns: <\/p>\n\n\n\n<p class=\"wp-block-paragraph\"> <code><div class=\"wpforms-container wpforms-container-full\" id=\"wpforms-653\"><form id=\"wpforms-form-653\" class=\"wpforms-validate wpforms-form\" data-formid=\"653\" method=\"post\" enctype=\"multipart\/form-data\" action=\"\/home2\/wp-json\/wp\/v2\/pages\/98\" data-token=\"b8a16d622abecb645702af1800e1f362\" data-token-time=\"1788277430\"><noscript class=\"wpforms-error-noscript\">Bitte aktiviere JavaScript in deinem Browser, um dieses Formular fertigzustellen.<\/noscript><div class=\"wpforms-field-container\"><div id=\"wpforms-653-field_0-container\" class=\"wpforms-field wpforms-field-name\" data-field-id=\"0\"><label class=\"wpforms-field-label\" for=\"wpforms-653-field_0\">Name <span class=\"wpforms-required-label\">*<\/span><\/label><input type=\"text\" id=\"wpforms-653-field_0\" class=\"wpforms-field-medium wpforms-field-required\" name=\"wpforms[fields][0]\" required><\/div><div id=\"wpforms-653-field_1-container\" class=\"wpforms-field wpforms-field-email\" data-field-id=\"1\"><label class=\"wpforms-field-label\" for=\"wpforms-653-field_1\">E-Mail <span class=\"wpforms-required-label\">*<\/span><\/label><input type=\"email\" id=\"wpforms-653-field_1\" class=\"wpforms-field-medium wpforms-field-required\" name=\"wpforms[fields][1]\" spellcheck=\"false\" required><div class=\"wpforms-field-description\">Um zu antworten, falls du eine Frage hast. Die Adresse wird nicht gespeichert.<\/div><\/div><div id=\"wpforms-653-field_3-container\" class=\"wpforms-field wpforms-field-text\" data-field-id=\"3\"><label class=\"wpforms-field-label\" for=\"wpforms-653-field_3\">Betreff <span class=\"wpforms-required-label\">*<\/span><\/label><input type=\"text\" id=\"wpforms-653-field_3\" class=\"wpforms-field-medium wpforms-field-required\" name=\"wpforms[fields][3]\" required><\/div><div id=\"wpforms-653-field_2-container\" class=\"wpforms-field wpforms-field-textarea\" data-field-id=\"2\"><label class=\"wpforms-field-label\" for=\"wpforms-653-field_2\">Kommentar oder Nachricht <span class=\"wpforms-required-label\">*<\/span><\/label><textarea id=\"wpforms-653-field_2\" class=\"wpforms-field-medium wpforms-field-required\" name=\"wpforms[fields][2]\" required><\/textarea><\/div><div id=\"wpforms-653-field_4-container\" class=\"wpforms-field wpforms-field-select wpforms-field-select-style-classic\" data-field-id=\"4\"><label class=\"wpforms-field-label\" for=\"wpforms-653-field_4\">Wie bist du auf die Stimmb\u00e4nder GmbH aufmerksam geworden? <span class=\"wpforms-required-label\">*<\/span><\/label><select id=\"wpforms-653-field_4\" class=\"wpforms-field-medium wpforms-field-required\" name=\"wpforms[fields][4]\" required=\"required\"><option value=\"Durch das Internet (z.B. Google Suche)\"  class=\"choice-4 depth-1\"  >Durch das Internet (z.B. Google Suche)<\/option><option value=\"Vom H\u00f6rensagen (z.B. durch Bekannte)\"  class=\"choice-1 depth-1\"  >Vom H\u00f6rensagen (z.B. durch Bekannte)<\/option><option value=\"Aus der Zeitung (z.B. Zeitungs-Inserat)\"  class=\"choice-2 depth-1\"  >Aus der Zeitung (z.B. Zeitungs-Inserat)<\/option><option value=\"Durch \u00f6ffentliche Aush\u00e4nge (z.B. GZ Aushang)\"  class=\"choice-3 depth-1\"  >Durch \u00f6ffentliche Aush\u00e4nge (z.B. GZ Aushang)<\/option><\/select><\/div><\/div><!-- .wpforms-field-container --><div class=\"wpforms-field wpforms-field-hp\"><label for=\"wpforms-653-field-hp\" class=\"wpforms-field-label\">Name<\/label><input type=\"text\" name=\"wpforms[hp]\" id=\"wpforms-653-field-hp\" class=\"wpforms-field-medium\"><\/div><div class=\"wpforms-recaptcha-container wpforms-is-recaptcha wpforms-is-recaptcha-type-v3\" ><input type=\"hidden\" name=\"wpforms[recaptcha]\" value=\"\"><\/div><div class=\"wpforms-submit-container\" ><input type=\"hidden\" name=\"wpforms[id]\" value=\"653\"><input type=\"hidden\" name=\"page_title\" value=\"\"><input type=\"hidden\" name=\"page_url\" value=\"https:\/\/stimmbaender.ch\/home2\/wp-json\/wp\/v2\/pages\/98\"><input type=\"hidden\" name=\"url_referer\" value=\"\"><button type=\"submit\" name=\"wpforms[submit]\" id=\"wpforms-submit-653\" class=\"wpforms-submit\" data-alt-text=\"Senden...\" data-submit-text=\"Absenden\" aria-live=\"assertive\" value=\"wpforms-submit\">Absenden<\/button><\/div><\/form><\/div>  <!-- .wpforms-container --><\/code> <\/p>\n","protected":false},"excerpt":{"rendered":"<p>Wer wir sind Die Stimmb\u00e4nder GmbH: der Rock- und Ethno-Chor in Z\u00fcrich. Einmal steht das GmbH f\u00fcr \u00abGesangsverein mit besonderer Harmonie\u00bb, dann wieder f\u00fcr \u00abGesangsverein mit bemerkenswerter Hartn\u00e4ckigkeit\u00bb\u2026 man k\u00f6nnte es weitertreiben, aber egal. Denn wichtig ist, was uns verbindet: Wir singen extrem gerne zusammen! Wir, das sind etwa 30 Frauen und M\u00e4nner. Und nat\u00fcrlich [&hellip;]<\/p>\n","protected":false},"author":1,"featured_media":0,"parent":0,"menu_order":0,"comment_status":"closed","ping_status":"closed","template":"","meta":{"footnotes":""},"class_list":["post-98","page","type-page","status-publish","hentry","entry","has-media"],"yoast_head":"<!-- This site is optimized with the Yoast SEO plugin v28.1 - https:\/\/yoast.com\/product\/yoast-seo-wordpress\/ -->\n<title>Stimmb\u00e4nder GmbH - Der Rock und Ethno Chor in Z\u00fcrich<\/title>\n<meta name=\"description\" content=\"Die Stimmb\u00e4nder GmbH (Gesangsverein mit besonderer Harmonie), Z\u00fcrichs Rock \u2018n\u2019 Ethno Chor. - Singen ohne Noten: Rock, Ethno (Slawisch, Afrikanisch, ...), Pop\" \/>\n<meta name=\"robots\" content=\"index, follow, max-snippet:-1, max-image-preview:large, max-video-preview:-1\" \/>\n<link rel=\"canonical\" href=\"https:\/\/stimmbaender.ch\/home2\/\" \/>\n<meta property=\"og:locale\" content=\"de_DE\" \/>\n<meta property=\"og:type\" content=\"article\" \/>\n<meta property=\"og:title\" content=\"Stimmb\u00e4nder GmbH - Der Rock und Ethno Chor in Z\u00fcrich\" \/>\n<meta property=\"og:description\" content=\"Die Stimmb\u00e4nder GmbH (Gesangsverein mit besonderer Harmonie), Z\u00fcrichs Rock \u2018n\u2019 Ethno Chor. - Singen ohne Noten: Rock, Ethno (Slawisch, Afrikanisch, ...), Pop\" \/>\n<meta property=\"og:url\" content=\"https:\/\/stimmbaender.ch\/home2\/\" \/>\n<meta property=\"og:site_name\" content=\"Stimmb\u00e4nder GmbH\" \/>\n<meta property=\"article:modified_time\" content=\"2026-04-03T16:10:41+00:00\" \/>\n<meta name=\"twitter:card\" content=\"summary_large_image\" \/>\n<meta name=\"twitter:label1\" content=\"Gesch\u00e4tzte Lesezeit\" \/>\n\t<meta name=\"twitter:data1\" content=\"2\u00a0Minuten\" \/>\n<script type=\"application\/ld+json\" class=\"yoast-schema-graph\">{\"@context\":\"https:\\\/\\\/schema.org\",\"@graph\":[{\"@type\":\"WebPage\",\"@id\":\"https:\\\/\\\/stimmbaender.ch\\\/home2\\\/\",\"url\":\"https:\\\/\\\/stimmbaender.ch\\\/home2\\\/\",\"name\":\"Stimmb\u00e4nder GmbH - Der Rock und Ethno Chor in Z\u00fcrich\",\"isPartOf\":{\"@id\":\"https:\\\/\\\/stimmbaender.ch\\\/home2\\\/#website\"},\"datePublished\":\"2013-05-20T19:02:31+00:00\",\"dateModified\":\"2026-04-03T16:10:41+00:00\",\"description\":\"Die Stimmb\u00e4nder GmbH (Gesangsverein mit besonderer Harmonie), Z\u00fcrichs Rock \u2018n\u2019 Ethno Chor. - Singen ohne Noten: Rock, Ethno (Slawisch, Afrikanisch, ...), Pop\",\"breadcrumb\":{\"@id\":\"https:\\\/\\\/stimmbaender.ch\\\/home2\\\/#breadcrumb\"},\"inLanguage\":\"de\",\"potentialAction\":[{\"@type\":\"ReadAction\",\"target\":[\"https:\\\/\\\/stimmbaender.ch\\\/home2\\\/\"]}]},{\"@type\":\"BreadcrumbList\",\"@id\":\"https:\\\/\\\/stimmbaender.ch\\\/home2\\\/#breadcrumb\",\"itemListElement\":[{\"@type\":\"ListItem\",\"position\":1,\"name\":\"Home\",\"item\":\"https:\\\/\\\/stimmbaender.ch\\\/home2\\\/\"},{\"@type\":\"ListItem\",\"position\":2,\"name\":\"Rock&#8217;n&#8217;Ethno Chor Z\u00fcrich (Home)\"}]},{\"@type\":\"WebSite\",\"@id\":\"https:\\\/\\\/stimmbaender.ch\\\/home2\\\/#website\",\"url\":\"https:\\\/\\\/stimmbaender.ch\\\/home2\\\/\",\"name\":\"Stimmb\u00e4nder GmbH\",\"description\":\"Der Chor ohne Noten in Z\u00fcrich\",\"publisher\":{\"@id\":\"https:\\\/\\\/stimmbaender.ch\\\/home2\\\/#organization\"},\"potentialAction\":[{\"@type\":\"SearchAction\",\"target\":{\"@type\":\"EntryPoint\",\"urlTemplate\":\"https:\\\/\\\/stimmbaender.ch\\\/home2\\\/?s={search_term_string}\"},\"query-input\":{\"@type\":\"PropertyValueSpecification\",\"valueRequired\":true,\"valueName\":\"search_term_string\"}}],\"inLanguage\":\"de\"},{\"@type\":\"Organization\",\"@id\":\"https:\\\/\\\/stimmbaender.ch\\\/home2\\\/#organization\",\"name\":\"Stimmb\u00e4nder GmbH\",\"url\":\"https:\\\/\\\/stimmbaender.ch\\\/home2\\\/\",\"logo\":{\"@type\":\"ImageObject\",\"inLanguage\":\"de\",\"@id\":\"https:\\\/\\\/stimmbaender.ch\\\/home2\\\/#\\\/schema\\\/logo\\\/image\\\/\",\"url\":\"https:\\\/\\\/stimmbaender.ch\\\/home2\\\/wp-content\\\/uploads\\\/2019\\\/11\\\/logo-1.png\",\"contentUrl\":\"https:\\\/\\\/stimmbaender.ch\\\/home2\\\/wp-content\\\/uploads\\\/2019\\\/11\\\/logo-1.png\",\"width\":250,\"height\":80,\"caption\":\"Stimmb\u00e4nder GmbH\"},\"image\":{\"@id\":\"https:\\\/\\\/stimmbaender.ch\\\/home2\\\/#\\\/schema\\\/logo\\\/image\\\/\"}}]}<\/script>\n<!-- \/ Yoast SEO plugin. -->","yoast_head_json":{"title":"Stimmb\u00e4nder GmbH - Der Rock und Ethno Chor in Z\u00fcrich","description":"Die Stimmb\u00e4nder GmbH (Gesangsverein mit besonderer Harmonie), Z\u00fcrichs Rock \u2018n\u2019 Ethno Chor. - Singen ohne Noten: Rock, Ethno (Slawisch, Afrikanisch, ...), Pop","robots":{"index":"index","follow":"follow","max-snippet":"max-snippet:-1","max-image-preview":"max-image-preview:large","max-video-preview":"max-video-preview:-1"},"canonical":"https:\/\/stimmbaender.ch\/home2\/","og_locale":"de_DE","og_type":"article","og_title":"Stimmb\u00e4nder GmbH - Der Rock und Ethno Chor in Z\u00fcrich","og_description":"Die Stimmb\u00e4nder GmbH (Gesangsverein mit besonderer Harmonie), Z\u00fcrichs Rock \u2018n\u2019 Ethno Chor. - Singen ohne Noten: Rock, Ethno (Slawisch, Afrikanisch, ...), Pop","og_url":"https:\/\/stimmbaender.ch\/home2\/","og_site_name":"Stimmb\u00e4nder GmbH","article_modified_time":"2026-04-03T16:10:41+00:00","twitter_card":"summary_large_image","twitter_misc":{"Gesch\u00e4tzte Lesezeit":"2\u00a0Minuten"},"schema":{"@context":"https:\/\/schema.org","@graph":[{"@type":"WebPage","@id":"https:\/\/stimmbaender.ch\/home2\/","url":"https:\/\/stimmbaender.ch\/home2\/","name":"Stimmb\u00e4nder GmbH - Der Rock und Ethno Chor in Z\u00fcrich","isPartOf":{"@id":"https:\/\/stimmbaender.ch\/home2\/#website"},"datePublished":"2013-05-20T19:02:31+00:00","dateModified":"2026-04-03T16:10:41+00:00","description":"Die Stimmb\u00e4nder GmbH (Gesangsverein mit besonderer Harmonie), Z\u00fcrichs Rock \u2018n\u2019 Ethno Chor. - Singen ohne Noten: Rock, Ethno (Slawisch, Afrikanisch, ...), Pop","breadcrumb":{"@id":"https:\/\/stimmbaender.ch\/home2\/#breadcrumb"},"inLanguage":"de","potentialAction":[{"@type":"ReadAction","target":["https:\/\/stimmbaender.ch\/home2\/"]}]},{"@type":"BreadcrumbList","@id":"https:\/\/stimmbaender.ch\/home2\/#breadcrumb","itemListElement":[{"@type":"ListItem","position":1,"name":"Home","item":"https:\/\/stimmbaender.ch\/home2\/"},{"@type":"ListItem","position":2,"name":"Rock&#8217;n&#8217;Ethno Chor Z\u00fcrich (Home)"}]},{"@type":"WebSite","@id":"https:\/\/stimmbaender.ch\/home2\/#website","url":"https:\/\/stimmbaender.ch\/home2\/","name":"Stimmb\u00e4nder GmbH","description":"Der Chor ohne Noten in Z\u00fcrich","publisher":{"@id":"https:\/\/stimmbaender.ch\/home2\/#organization"},"potentialAction":[{"@type":"SearchAction","target":{"@type":"EntryPoint","urlTemplate":"https:\/\/stimmbaender.ch\/home2\/?s={search_term_string}"},"query-input":{"@type":"PropertyValueSpecification","valueRequired":true,"valueName":"search_term_string"}}],"inLanguage":"de"},{"@type":"Organization","@id":"https:\/\/stimmbaender.ch\/home2\/#organization","name":"Stimmb\u00e4nder GmbH","url":"https:\/\/stimmbaender.ch\/home2\/","logo":{"@type":"ImageObject","inLanguage":"de","@id":"https:\/\/stimmbaender.ch\/home2\/#\/schema\/logo\/image\/","url":"https:\/\/stimmbaender.ch\/home2\/wp-content\/uploads\/2019\/11\/logo-1.png","contentUrl":"https:\/\/stimmbaender.ch\/home2\/wp-content\/uploads\/2019\/11\/logo-1.png","width":250,"height":80,"caption":"Stimmb\u00e4nder GmbH"},"image":{"@id":"https:\/\/stimmbaender.ch\/home2\/#\/schema\/logo\/image\/"}}]}},"_links":{"self":[{"href":"https:\/\/stimmbaender.ch\/home2\/wp-json\/wp\/v2\/pages\/98","targetHints":{"allow":["GET"]}}],"collection":[{"href":"https:\/\/stimmbaender.ch\/home2\/wp-json\/wp\/v2\/pages"}],"about":[{"href":"https:\/\/stimmbaender.ch\/home2\/wp-json\/wp\/v2\/types\/page"}],"author":[{"embeddable":true,"href":"https:\/\/stimmbaender.ch\/home2\/wp-json\/wp\/v2\/users\/1"}],"replies":[{"embeddable":true,"href":"https:\/\/stimmbaender.ch\/home2\/wp-json\/wp\/v2\/comments?post=98"}],"version-history":[{"count":192,"href":"https:\/\/stimmbaender.ch\/home2\/wp-json\/wp\/v2\/pages\/98\/revisions"}],"predecessor-version":[{"id":1114,"href":"https:\/\/stimmbaender.ch\/home2\/wp-json\/wp\/v2\/pages\/98\/revisions\/1114"}],"wp:attachment":[{"href":"https:\/\/stimmbaender.ch\/home2\/wp-json\/wp\/v2\/media?parent=98"}],"curies":[{"name":"wp","href":"https:\/\/api.w.org\/{rel}","templated":true}]}}